{"id":51428,"date":"2026-04-17T15:50:20","date_gmt":"2026-04-17T13:50:20","guid":{"rendered":"https:\/\/www.sjonara.se\/sv\/objekt\/stor-sjotomt-i-vasterlage-pa-ingaro\/"},"modified":"2026-04-26T18:57:24","modified_gmt":"2026-04-26T16:57:24","slug":"stor-sjotomt-i-vasterlage-pa-ingaro","status":"publish","type":"fasad_object","link":"https:\/\/www.sjonara.se\/sv\/objekt\/stor-sjotomt-i-vasterlage-pa-ingaro\/","title":{"rendered":"Stor sj\u00f6tomt i v\u00e4sterl\u00e4ge p\u00e5 Ingar\u00f6"},"content":{"rendered":"","protected":false},"template":"","meta":{"_fasad_id":"1945311","sjonara_en_slug":"","sjonara_en_title":"","sjonara_en_textShort":"","sjonara_en_text":"","sjonara_en_translation_in_progress":true,"sjonara_en_last_translation":"","_fasad_salesTitle":"\nStor sj\u00f6tomt i v\u00e4sterl\u00e4ge p\u00e5 Ingar\u00f6\n","_fasad_SalesTextShort":"V\u00e4lkommen till en s\u00e4llsynt m\u00f6jlighet att f\u00f6rv\u00e4rva en stor och unik sj\u00f6tomt om hela 2,3 hektar p\u00e5 Ingar\u00f6s guldkust. Med en strandlinje p\u00e5 ca 200 meter och en h\u00f6g grad av avskildhet erbjuder fastigheten sol hela dagen och gott om utrymme f\u00f6r socialt umg\u00e4nge med totalt 4 sovrum. P\u00e5 fastigheten finns ett v\u00e4lplanerat modernt huvudhus fr\u00e5n 2006 med tv\u00e5 sovrum, badrum samt k\u00f6k och vardagsrum i \u00f6ppen planl\u00f6sning. Vid strandkanten ligger ett g\u00e4sthus med stor brygganl\u00e4ggning direkt utanf\u00f6r och segelb\u00e5tsdjup \u2013 perfekt f\u00f6r b\u00e5tliv och sk\u00e4rg\u00e5rdsliv. Dessutom finns ett mindre g\u00e4sthus vid vattnet samt en byggnad med f\u00f6rr\u00e5d och avsaltningsanl\u00e4ggning. Nuvarande \u00e4gare anv\u00e4nder b\u00e5t f\u00f6r att n\u00e5 fastigheten under sommarm\u00e5naderna, en kort \u00f6verfart p\u00e5 ca 5 minuter fr\u00e5n KSSS-bryggan i Saltsj\u00f6baden. \u00c4ven om det inte finns n\u00e5gon bilv\u00e4g fram till huset idag \u00e4r det m\u00f6jligt att n\u00e5 fastigheten \u00e5ret runt vilket underl\u00e4ttar vinterf\u00f6rvaring av b\u00e5ten samt anv\u00e4ndning under vinterm\u00e5naderna f\u00f6r exempelvis skridsko\u00e5kning.","_fasad_salesText":"\n\n","_fasad_Building":"O:8:\"stdClass\":15:{s:12:\"buildingType\";s:18:\"1 plans fritidshus\";s:11:\"heatingType\";s:9:\"Direkt el\";s:17:\"energyVentilation\";s:10:\"Sj\u00e4lvdrag\";s:6:\"facade\";s:4:\"Tr\u00e4\";s:4:\"roof\";s:12:\"Betongpannor\";s:9:\"loftFloor\";s:4:\"Tr\u00e4\";s:9:\"framework\";s:4:\"Tr\u00e4\";s:7:\"chimney\";s:0:\"\";s:10:\"chimneypot\";s:0:\"\";s:14:\"municipalWater\";s:53:\"Avsaltningsanl\u00e4ggning, 3-kammarbrunn och sluten tank\";s:9:\"metalwork\";s:0:\"\";s:10:\"foundation\";s:9:\"Krypgrund\";s:5:\"Radon\";N;s:16:\"GeneralCondition\";N;s:16:\"CompassDirection\";N;}","_fasad_Descriptions":"O:8:\"stdClass\":1:{s:11:\"Description\";O:8:\"stdClass\":6:{s:10:\"categoryId\";s:0:\"\";s:8:\"category\";s:0:\"\";s:12:\"languageCode\";s:2:\"sv\";s:8:\"language\";s:7:\"Svenska\";s:5:\"Title\";N;s:7:\"Content\";s:2369:\"<p>Nu finns m\u00f6jligheten att f\u00f6rv\u00e4rva en helt unik sj\u00f6tomt p\u00e5 eftertraktade Ingar\u00f6 \u2013 en privat oas d\u00e4r havet, naturen och livskvaliteten st\u00e5r i centrum.<\/p>\n<p>H\u00e4r m\u00f6ts du av en gener\u00f6s strandlinje som erbjuder b\u00e5de mjuk sandstrand precis utanf\u00f6r d\u00f6rren och en vacker stenstrand l\u00e4ng med fastigheten. Den gedigna bryggan har segelb\u00e5tsdjup.<\/p>\n<p>Tomten \u00e4r helt insynsskyddad och omfamnas av berg som skapar en rofylld och exklusiv k\u00e4nsla. Vackra grusg\u00e5ngar leder genom en levande tr\u00e4dg\u00e5rd fylld av blomsterprakt och gener\u00f6sa odlingar. I den egna fruktlunden v\u00e4xer \u00e4ppeltr\u00e4d, p\u00e4rontr\u00e4d, persikotr\u00e4d, plommon, nektarin och aprikos. H\u00e4r finns \u00e4ven ett rikt utbud av b\u00e4r \u2013 hallon, svarta och r\u00f6da vinb\u00e4r, bl\u00e5b\u00e4r, rabarber och smultron som breder ut sig runt gr\u00e4smattan, samt ramsl\u00f6k f\u00f6r den matintresserade.<\/p>\n<p>Tomten pryds av \u00e4ngsblommor som pr\u00e4stkrage, gullviva, bl\u00e5sippa och liljekonvalj, och kompletteras av nyanlagda rabatter med bland annat p\u00e5skliljor, krokus, allium, lavendel, hortensia och syrenbuddleja \u2013 en f\u00e4rgsprakande upplevelse fr\u00e5n tidig v\u00e5r till sensommar.<\/p>\n<p>Den moderna huvudbyggnaden om 76 kvm i ett plan erbjuder en \u00f6ppen och social planl\u00f6sning med altaner som l\u00f6per runt huset. Vardagsrum, k\u00f6k och matplats sm\u00e4lter samman i ett luftigt rum med storslagen utsikt \u00f6ver havet. H\u00e4r finns tv\u00e5 sovrum samt ett badrum utrustat med wc, handfat, dusch och tv\u00e4ttmaskin.<\/p>\n<p>F\u00f6r g\u00e4ster finns tv\u00e5 separata g\u00e4sthus. Ett mindre med v\u00e5ningss\u00e4ng bel\u00e4get strax nedanf\u00f6r huvudhuset, samt ett st\u00f6rre l\u00e4ngre bort p\u00e5 tomten med allrum, sovrum och eget badrum \u2013 perfekt f\u00f6r familj och v\u00e4nner som vill bo bekv\u00e4mt och avskilt. Det st\u00f6rre g\u00e4sthuset renoverades 2012\/2013. Den gener\u00f6sa brygganl\u00e4ggningen erbjuder gott om plats f\u00f6r utem\u00f6bler \u2013 en sj\u00e4lvklar samlingspunkt f\u00f6r l\u00e5nga sommardagar, middagar i solnedg\u00e5ngen och kanske ett framtida utek\u00f6k som pricken \u00f6ver i:et.<\/p>\n<p>Dessutom finns en praktisk f\u00f6rr\u00e5dsbyggnad och h\u00e4r finns \u00e4ven avsaltningsanl\u00e4ggningen, som m\u00f6jligg\u00f6r obegr\u00e4nsad tillg\u00e5ng till vatten, \u00e5ret om. Fastigheten har dessutom minireningsverk f\u00f6r avloppet.<\/p>\n<p>Detta \u00e4r ett boende ut\u00f6ver det vanliga \u2013 en plats d\u00e4r varje detalj samspelar med naturen och d\u00e4r du kan skapa minnen f\u00f6r livet. V\u00e4lkommen till ditt eget paradis vid havet.<\/p>\";}}","_fasad_Economy":"O:8:\"stdClass\":45:{s:5:\"price\";s:8:\"12750000\";s:8:\"currency\";s:2:\"kr\";s:15:\"currencyIso4217\";s:3:\"SEK\";s:12:\"priceComment\";s:0:\"\";s:14:\"secondaryPrice\";s:0:\"\";s:17:\"secondaryCurrency\";s:0:\"\";s:24:\"secondaryCurrencyIso4217\";s:3:\"SEK\";s:21:\"secondaryPriceComment\";s:0:\"\";s:9:\"priceType\";s:4:\"Pris\";s:8:\"taxHouse\";s:7:\"2472000\";s:9:\"taxGround\";s:7:\"9200000\";s:8:\"taxField\";s:0:\"\";s:10:\"taxPasture\";s:0:\"\";s:9:\"taxForest\";s:0:\"\";s:19:\"taxForestImpediment\";s:0:\"\";s:21:\"taxCommercialBuilding\";s:0:\"\";s:8:\"taxOther\";s:0:\"\";s:6:\"taxSum\";s:0:\"\";s:8:\"taxTotal\";s:8:\"11672000\";s:10:\"groundRent\";s:0:\"\";s:16:\"groundRentExpiry\";s:0:\"\";s:5:\"lease\";s:0:\"\";s:7:\"taxYear\";s:4:\"2024\";s:9:\"valueYear\";s:4:\"1947\";s:3:\"fee\";s:0:\"\";s:10:\"repairFund\";s:0:\"\";s:13:\"includedInFee\";s:0:\"\";s:13:\"excludedInFee\";s:0:\"\";s:14:\"knownFeeChange\";s:0:\"\";s:12:\"buyerNetDebt\";s:0:\"\";s:19:\"buyerNetDebtComment\";s:0:\"\";s:7:\"taxRate\";s:5:\"31.06\";s:7:\"taxCode\";s:3:\"220\";s:10:\"taxComment\";s:0:\"\";s:18:\"insuranceFullValue\";s:0:\"\";s:7:\"pledged\";s:1:\"0\";s:10:\"noOfPledge\";s:1:\"3\";s:11:\"propertyFee\";s:5:\"10425\";s:9:\"pledgefee\";s:0:\"\";s:11:\"transferfee\";s:0:\"\";s:17:\"transferfeepaidby\";s:0:\"\";s:9:\"taxPrelim\";s:1:\"0\";s:11:\"isMortgaged\";s:1:\"1\";s:14:\"totalMortgages\";s:7:\"3625000\";s:14:\"OperatingCosts\";O:8:\"stdClass\":5:{s:7:\"comment\";s:0:\"\";s:15:\"numberOfPersons\";s:1:\"4\";s:11:\"totalAmount\";s:4:\"3014\";s:15:\"totalAmountYear\";s:5:\"36172\";s:13:\"OperatingCost\";a:6:{i:0;O:8:\"stdClass\":3:{s:5:\"alias\";s:2:\"El\";s:6:\"amount\";s:4:\"1597\";s:10:\"amountYear\";s:5:\"19161\";}i:1;O:8:\"stdClass\":3:{s:5:\"alias\";s:13:\"Vatten\/Avlopp\";s:6:\"amount\";s:3:\"574\";s:10:\"amountYear\";s:4:\"6893\";}i:2;O:8:\"stdClass\":3:{s:5:\"alias\";s:7:\"Sotning\";s:6:\"amount\";s:1:\"0\";s:10:\"amountYear\";s:1:\"0\";}i:3;O:8:\"stdClass\":3:{s:5:\"alias\";s:13:\"Samf\u00e4llighet\";s:6:\"amount\";s:3:\"175\";s:10:\"amountYear\";s:4:\"2100\";}i:4;O:8:\"stdClass\":3:{s:5:\"alias\";s:12:\"Renh\u00e5llning\";s:6:\"amount\";s:3:\"191\";s:10:\"amountYear\";s:4:\"2292\";}i:5;O:8:\"stdClass\":3:{s:5:\"alias\";s:12:\"F\u00f6rs\u00e4kring\";s:6:\"amount\";s:3:\"477\";s:10:\"amountYear\";s:4:\"5726\";}}}}","_fasad_Energy":"O:8:\"stdClass\":6:{s:5:\"class\";s:0:\"\";s:11:\"performance\";s:0:\"\";s:15:\"certificateDate\";s:0:\"\";s:24:\"energyDeclarationAddress\";s:0:\"\";s:6:\"status\";s:0:\"\";s:19:\"electricitySupplier\";s:0:\"\";}","_fasad_Fireplace":"","_fasad_ObjectDocuments":"O:8:\"stdClass\":1:{s:14:\"ObjectDocument\";a:2:{i:0;O:8:\"stdClass\":4:{s:5:\"alias\";s:34:\"Utl\u00e5tande .klefvingev\u00e4gen 23.pdf\";s:8:\"filesize\";s:7:\"1619715\";s:4:\"href\";s:59:\"https:\/\/crm.fasad.eu\/api\/document\/render\/documentid\/4201773\";s:14:\"belongToMaster\";s:1:\"0\";}i:1;O:8:\"stdClass\":4:{s:5:\"alias\";s:30:\"Avstyckningsakt fr\u00e5n 1944.pdf\";s:8:\"filesize\";s:8:\"12764563\";s:4:\"href\";s:59:\"https:\/\/crm.fasad.eu\/api\/document\/render\/documentid\/4203143\";s:14:\"belongToMaster\";s:1:\"0\";}}}","_fasad_Realtors":"a:1:{i:0;O:8:\"stdClass\":12:{s:2:\"id\";s:4:\"7565\";s:9:\"firstname\";s:5:\"Irina\";s:8:\"lastname\";s:9:\"Bruzelius\";s:4:\"type\";s:17:\"Ansvarig M\u00e4klare\";s:5:\"email\";s:16:\"irina@sjonara.se\";s:5:\"phone\";s:0:\"\";s:11:\"phoneString\";s:0:\"\";s:9:\"cellphone\";s:11:\"46705517288\";s:15:\"cellphoneString\";s:13:\"070-551 72 88\";s:5:\"image\";s:53:\"https:\/\/images03.fasad.eu\/617\/user\/16756883567565.jpg\";s:5:\"title\";s:18:\"Fastighetsm\u00e4klare\";s:10:\"titleExtra\";s:11:\"Kontorschef\";}}","_fasad_Showings":"O:8:\"stdClass\":2:{s:20:\"noShowingDefaultText\";s:0:\"\";s:7:\"Showing\";O:8:\"stdClass\":9:{s:2:\"id\";s:7:\"1105081\";s:9:\"startDate\";s:10:\"2026-05-10\";s:7:\"endDate\";s:0:\"\";s:7:\"comment\";s:62:\"Kontakta m\u00e4klaren f\u00f6r tid och plats i b\u00e5t; irina@sjonara.se\";s:13:\"hideStartTime\";s:1:\"1\";s:11:\"hideEndTime\";s:1:\"1\";s:11:\"fullyBooked\";s:1:\"0\";s:19:\"openForRegistration\";s:1:\"1\";s:5:\"Slots\";O:8:\"stdClass\":1:{s:14:\"publishedSlots\";s:17:\"Visa alla slottar\";}}}","_fasad_Size":"O:8:\"stdClass\":11:{s:5:\"rooms\";s:1:\"3\";s:16:\"roomsInformation\";s:12:\"huvudbyggnad\";s:8:\"minRooms\";s:1:\"3\";s:8:\"maxRooms\";s:1:\"3\";s:11:\"minBedrooms\";s:1:\"2\";s:11:\"maxBedrooms\";s:0:\"\";s:7:\"minArea\";s:1:\"7\";s:7:\"maxArea\";s:1:\"7\";s:9:\"Bathrooms\";s:1:\"1\";s:11:\"GuestToilet\";N;s:5:\"Areas\";O:8:\"stdClass\":2:{s:7:\"comment\";s:0:\"\";s:4:\"Area\";a:3:{i:0;O:8:\"stdClass\":5:{s:4:\"type\";s:6:\"Boarea\";s:6:\"prefix\";s:0:\"\";s:4:\"size\";s:2:\"76\";s:4:\"unit\";s:3:\"Kvm\";s:7:\"basedOn\";s:19:\"Fastighetsregistret\";}i:1;O:8:\"stdClass\":5:{s:4:\"type\";s:6:\"Biarea\";s:6:\"prefix\";s:0:\"\";s:4:\"size\";s:2:\"35\";s:4:\"unit\";s:3:\"Kvm\";s:7:\"basedOn\";s:19:\"Fastighetsregistret\";}i:2;O:8:\"stdClass\":5:{s:4:\"type\";s:8:\"Tomtarea\";s:6:\"prefix\";s:0:\"\";s:4:\"size\";s:5:\"23442\";s:4:\"unit\";s:3:\"Kvm\";s:7:\"basedOn\";s:19:\"Fastighetsregistret\";}}}}","_fasad_Floor":"","_fasad_TvInternet":"","_fasad_Window":"3-glas","_fasad_areas":"a:3:{i:0;O:8:\"stdClass\":6:{s:4:\"type\";s:6:\"Boarea\";s:6:\"prefix\";s:0:\"\";s:4:\"size\";s:2:\"76\";s:4:\"unit\";s:3:\"Kvm\";s:7:\"basedOn\";s:19:\"Fastighetsregistret\";s:13:\"extraBuilding\";N;}i:1;O:8:\"stdClass\":6:{s:4:\"type\";s:6:\"Biarea\";s:6:\"prefix\";s:0:\"\";s:4:\"size\";s:2:\"35\";s:4:\"unit\";s:3:\"Kvm\";s:7:\"basedOn\";s:19:\"Fastighetsregistret\";s:13:\"extraBuilding\";N;}i:2;O:8:\"stdClass\":6:{s:4:\"type\";s:8:\"Tomtarea\";s:6:\"prefix\";s:0:\"\";s:4:\"size\";s:5:\"23442\";s:4:\"unit\";s:3:\"Kvm\";s:7:\"basedOn\";s:19:\"Fastighetsregistret\";s:13:\"extraBuilding\";N;}}","_fasad_formOfOwnership":"Frik\u00f6pt - Sm\u00e5hus","_fasad_priceComment":"","_fasad_roomsInformation":"huvudbyggnad","_fasad_Storageroom":"","_fasad_Parkings":"","sjonara_en_building":"","sjonara_en_descriptions":"","sjonara_en_economy":"","sjonara_en_energy":"","sjonara_en_fireplace":"","sjonara_en_objectDocuments":"","sjonara_en_realtors":"","sjonara_en_showings":"","sjonara_en_size":"","sjonara_en_floor":"","sjonara_en_tvInternet":"","sjonara_en_window":"","sjonara_en_areas":"","sjonara_en_formOfOwnership":"","sjonara_en_priceComment":"","sjonara_en_roomsInformation":"","sjonara_en_storageroom":"","sjonara_en_parkings":""},"class_list":["post-51428","fasad_object","type-fasad_object","status-publish","hentry","fasad_object_type-fritidshus","fasad_district-ingaro","fasad_city-ingaro","fasad_commune-varmdo"],"sv_descriptions_html":"<p>Nu finns m\u00f6jligheten att f\u00f6rv\u00e4rva en helt unik sj\u00f6tomt p\u00e5 eftertraktade Ingar\u00f6 \u2013 en privat oas d\u00e4r havet, naturen och livskvaliteten st\u00e5r i centrum.<\/p>\n<p>H\u00e4r m\u00f6ts du av en gener\u00f6s strandlinje som erbjuder b\u00e5de mjuk sandstrand precis utanf\u00f6r d\u00f6rren och en vacker stenstrand l\u00e4ng med fastigheten. Den gedigna bryggan har segelb\u00e5tsdjup.<\/p>\n<p>Tomten \u00e4r helt insynsskyddad och omfamnas av berg som skapar en rofylld och exklusiv k\u00e4nsla. Vackra grusg\u00e5ngar leder genom en levande tr\u00e4dg\u00e5rd fylld av blomsterprakt och gener\u00f6sa odlingar. I den egna fruktlunden v\u00e4xer \u00e4ppeltr\u00e4d, p\u00e4rontr\u00e4d, persikotr\u00e4d, plommon, nektarin och aprikos. H\u00e4r finns \u00e4ven ett rikt utbud av b\u00e4r \u2013 hallon, svarta och r\u00f6da vinb\u00e4r, bl\u00e5b\u00e4r, rabarber och smultron som breder ut sig runt gr\u00e4smattan, samt ramsl\u00f6k f\u00f6r den matintresserade.<\/p>\n<p>Tomten pryds av \u00e4ngsblommor som pr\u00e4stkrage, gullviva, bl\u00e5sippa och liljekonvalj, och kompletteras av nyanlagda rabatter med bland annat p\u00e5skliljor, krokus, allium, lavendel, hortensia och syrenbuddleja \u2013 en f\u00e4rgsprakande upplevelse fr\u00e5n tidig v\u00e5r till sensommar.<\/p>\n<p>Den moderna huvudbyggnaden om 76 kvm i ett plan erbjuder en \u00f6ppen och social planl\u00f6sning med altaner som l\u00f6per runt huset. Vardagsrum, k\u00f6k och matplats sm\u00e4lter samman i ett luftigt rum med storslagen utsikt \u00f6ver havet. H\u00e4r finns tv\u00e5 sovrum samt ett badrum utrustat med wc, handfat, dusch och tv\u00e4ttmaskin.<\/p>\n<p>F\u00f6r g\u00e4ster finns tv\u00e5 separata g\u00e4sthus. Ett mindre med v\u00e5ningss\u00e4ng bel\u00e4get strax nedanf\u00f6r huvudhuset, samt ett st\u00f6rre l\u00e4ngre bort p\u00e5 tomten med allrum, sovrum och eget badrum \u2013 perfekt f\u00f6r familj och v\u00e4nner som vill bo bekv\u00e4mt och avskilt. Det st\u00f6rre g\u00e4sthuset renoverades 2012\/2013. Den gener\u00f6sa brygganl\u00e4ggningen erbjuder gott om plats f\u00f6r utem\u00f6bler \u2013 en sj\u00e4lvklar samlingspunkt f\u00f6r l\u00e5nga sommardagar, middagar i solnedg\u00e5ngen och kanske ett framtida utek\u00f6k som pricken \u00f6ver i:et.<\/p>\n<p>Dessutom finns en praktisk f\u00f6rr\u00e5dsbyggnad och h\u00e4r finns \u00e4ven avsaltningsanl\u00e4ggningen, som m\u00f6jligg\u00f6r obegr\u00e4nsad tillg\u00e5ng till vatten, \u00e5ret om. Fastigheten har dessutom minireningsverk f\u00f6r avloppet.<\/p>\n<p>Detta \u00e4r ett boende ut\u00f6ver det vanliga \u2013 en plats d\u00e4r varje detalj samspelar med naturen och d\u00e4r du kan skapa minnen f\u00f6r livet. V\u00e4lkommen till ditt eget paradis vid havet.<\/p>","meta_box":[],"_links":{"self":[{"href":"https:\/\/www.sjonara.se\/sv\/wp-json\/wp\/v2\/fasad_object\/51428","targetHints":{"allow":["GET"]}}],"collection":[{"href":"https:\/\/www.sjonara.se\/sv\/wp-json\/wp\/v2\/fasad_object"}],"about":[{"href":"https:\/\/www.sjonara.se\/sv\/wp-json\/wp\/v2\/types\/fasad_object"}],"wp:attachment":[{"href":"https:\/\/www.sjonara.se\/sv\/wp-json\/wp\/v2\/media?parent=51428"}],"curies":[{"name":"wp","href":"https:\/\/api.w.org\/{rel}","templated":true}]}}