{"id":51229,"date":"2024-04-21T15:29:46","date_gmt":"2024-04-21T13:29:46","guid":{"rendered":"https:\/\/www.sjonara.se\/sv\/objekt\/klippor-mot-solnedgangen-pa-skargardsidyllen-maro\/"},"modified":"2026-05-01T15:15:09","modified_gmt":"2026-05-01T13:15:09","slug":"klippor-mot-solnedgangen-pa-skargardsidyllen-maro","status":"publish","type":"fasad_object","link":"https:\/\/www.sjonara.se\/sv\/objekt\/klippor-mot-solnedgangen-pa-skargardsidyllen-maro\/","title":{"rendered":"Klippor mot solnedg\u00e5ngen p\u00e5 sk\u00e4rg\u00e5rdsidyllen Mar\u00f6"},"content":{"rendered":"<p>Ett kort stycke fr\u00e5n fastlandet, som man n\u00e5r med egen b\u00e5t eller passb\u00e5t med turer \u00e5ret om och flertalet turer dagligen under sommaren, ligger Mar\u00f6 p\u00e5 randen till yttersk\u00e4rg\u00e5rden. Med strandlinje best\u00e5ende av klippor mot v\u00e4ster erbjuda m\u00f6jligheter till l\u00e5nga dagar i solen tills dess att den s\u00e4nker sig bortom Furusundsleden och dess skiftande sk\u00e5despel av b\u00e5tar. P\u00e5 fastigheten finns flertalet hus, alla mycket v\u00e4lsk\u00f6tta och invid vattnet finns en av de b\u00e4sta bastur vi sett. H\u00e4r kan man sitta l\u00e4nge och njuta av utsikten och v\u00e4rmen. Stort bryggd\u00e4ck vid vattnet och del i skyddad hamn n\u00e5gra minuters promenad bort finns.<\/p>\n","protected":false},"template":"","meta":{"_fasad_id":"1631367","sjonara_en_slug":"","sjonara_en_title":"","sjonara_en_textShort":"","sjonara_en_text":"","sjonara_en_translation_in_progress":true,"sjonara_en_last_translation":"","_fasad_salesTitle":"\nKlippor mot solnedg\u00e5ngen p\u00e5 sk\u00e4rg\u00e5rdsidyllen Mar\u00f6\n","_fasad_SalesTextShort":"\u00c4kta sj\u00f6tomt i kv\u00e4llssol med klippor mot vattnet. V\u00e4lsk\u00f6tt hus med veranda mot vattnet, plats f\u00f6r g\u00e4ster i tv\u00e5 g\u00e4sthus. H\u00e4rligt bryggd\u00e4ck f\u00f6r l\u00e5nga dagar i solen med unik bastu intill. Mar\u00f6 ligger p\u00e5 randen till yttersk\u00e4rg\u00e5rden endast en kort resa fr\u00e5n fastlandet. En plats att njuta av hela \u00e5ret, kommunalt VA och fiber g\u00f6r livet bekv\u00e4mt.","_fasad_salesText":"\nEtt kort stycke fr\u00e5n fastlandet, som man n\u00e5r med egen b\u00e5t eller passb\u00e5t med turer \u00e5ret om och flertalet turer dagligen under sommaren, ligger Mar\u00f6 p\u00e5 randen till yttersk\u00e4rg\u00e5rden. Med strandlinje best\u00e5ende av klippor mot v\u00e4ster erbjuda m\u00f6jligheter till l\u00e5nga dagar i solen tills dess att den s\u00e4nker sig bortom Furusundsleden och dess skiftande sk\u00e5despel av b\u00e5tar. P\u00e5 fastigheten finns flertalet hus, alla mycket v\u00e4lsk\u00f6tta och invid vattnet finns en av de b\u00e4sta bastur vi sett. H\u00e4r kan man sitta l\u00e4nge och njuta av utsikten och v\u00e4rmen. Stort bryggd\u00e4ck vid vattnet och del i skyddad hamn n\u00e5gra minuters promenad bort finns.\n","_fasad_Building":"O:8:\"stdClass\":15:{s:12:\"buildingType\";s:18:\"1 plans fritidshus\";s:11:\"heatingType\";s:37:\"Luftv\u00e4rmepump, direkt el, eldst\u00e4der\";s:17:\"energyVentilation\";s:0:\"\";s:6:\"facade\";s:4:\"Tr\u00e4\";s:4:\"roof\";s:5:\"Tegel\";s:9:\"loftFloor\";s:4:\"Tr\u00e4\";s:9:\"framework\";s:4:\"Tr\u00e4\";s:7:\"chimney\";s:0:\"\";s:10:\"chimneypot\";s:5:\"Tegel\";s:14:\"municipalWater\";s:43:\"Kommunalt vatten \u00e5ret om\/Kommunalt avlopp.\";s:9:\"metalwork\";s:0:\"\";s:10:\"foundation\";s:7:\"Plintar\";s:5:\"Radon\";N;s:16:\"GeneralCondition\";s:4:\"Gott\";s:16:\"CompassDirection\";s:1:\"V\";}","_fasad_Descriptions":"O:8:\"stdClass\":1:{s:11:\"Description\";a:2:{i:0;O:8:\"stdClass\":6:{s:10:\"categoryId\";s:0:\"\";s:8:\"category\";s:0:\"\";s:12:\"languageCode\";s:2:\"sv\";s:8:\"language\";s:7:\"Svenska\";s:5:\"Title\";N;s:7:\"Content\";s:3693:\"<p><strong>St\u00e4llet som har det mesta:<\/strong><\/p>\n<ul>\n<li>V\u00e4sterl\u00e4ge med kv\u00e4llssol<\/li>\n<li>Kommunalt Vatten, Avlopp, WC, och Soph\u00e4mtning<\/li>\n<li>Gemensam hamnanl\u00e4ggning med egen b\u00e5tplats<\/li>\n<li>Waxholms b\u00e5t<\/li>\n<li>Sj\u00f6stugor med bastu och pentry<\/li>\n<\/ul>\n<p><strong>Fastigheten\u00a0<\/strong>\u00e4r mycket v\u00e4lsk\u00f6tt och kring stor-stugan finns det fina tr\u00e4dg\u00e5rdsytor och odlingar som inramas av byggnader,\u00a0g\u00e4sthus med f\u00f6rr\u00e5d, vilket skapar en idyllisk k\u00e4nsla. Vid vattnet, strax ovan bryggan, finns\u00a0sj\u00f6stugan\u00a0och intill detta en separat bastu. Strandlinjen best\u00e5r mestadels av vackra sl\u00e4ta klipph\u00e4llar och \u00e4r en perfekt plats att njuta avnjuta solnedg\u00e5ngen p\u00e5\/ifr\u00e5n.\u00a0\u00c4kta sj\u00f6tomt om 2 577 m\u00b2 och 1 165 m\u00b2 vattenomr\u00e5de, med en fantastisk utsikt \u00f6ver Furusundsleden. H\u00e4r lever man ett riktigt sk\u00e4rg\u00e5rdsliv med klart, fint vatten och bl\u00e5st\u00e5ng. Ofta sk\u00e5das havs\u00f6rnar och ibland ser man ett nyfiket s\u00e4lhuvud sticka upp \u00f6ver ytan. Vid vattnet finns det ett rej\u00e4lt\u00a0bryggd\u00e4ck med intilliggande sj\u00f6stuga och bastu tillsammans med h\u00e4rligt sold\u00e4ck. Bada g\u00f6r du fr\u00e5n stranden, fr\u00e5n bryggans badstegar eller p\u00e5 klipporna intill. P\u00e5 Mar\u00f6 finns \u00e4ven en barnv\u00e4nlig strand som ligger p\u00e5 \u00f6ns \u00f6stra sida, barnv\u00e4nlig s\u00e5 det f\u00f6rsl\u00e5r med lekst\u00e4llning och annat d\u00e4r \u00f6ns barn tr\u00e4ffas.<\/p>\n<p><strong>Stor-stugan\u00a0<\/strong>\u00e4r ursprungligen byggt\u00a0p\u00e5 60-talet, men har under de senaste \u00e5ren renoverats och byggts till och \u00e4r idag ca 68 m\u00b2 plus en inglasad veranda om ca 17 m\u00b2. I huvudhuset finns det tv\u00e5 sovrum varav ett \u00e4r st\u00f6rre med plats f\u00f6r dubbels\u00e4ng samt en\u00a0stor m\u00f6blerbar hall och en skrivplats. Duschrummet \u00e4r delvis kaklat med wc, tv\u00e4ttst\u00e4ll och dusch\u00a0med golvv\u00e4rme.\u00a0Allrum och k\u00f6k ligger i fil mot vattnet och framf\u00f6r finns en tillbyggd veranda med gener\u00f6s takh\u00f6jd och stora\u00a0\u00f6ppningsbara\u00a0f\u00f6nsterpartier mot vattnet. Centralt placerat i huset finns en murad eldstad, som sprider v\u00e4rme och mysk\u00e4nsla under \u00e5rets kallare dagar\u00a0liksom en ny v\u00e4rmepump. Under 2023 installerades tolv stycken solcellspaneler f\u00f6r att kunna producera egen el och ge l\u00e4gre driftkostnader. K\u00f6ket \u00e4r \u00f6ppet ut mot matplats med en fantastisk sj\u00f6kontakt med all n\u00f6dv\u00e4ndig utrustning,\u00a0liksom en liten j\u00e4rnspis.\u00a0Hela huset \u00e4r ljust och trivsamt. P\u00e5 altanen finns gott om plats f\u00f6r b\u00e5de utem\u00f6bler, grill och ett stort matbord. H\u00e4r erbjuds stora sociala ytor anpassat f\u00f6r den moderna familjen, en perfekt plats att samlas p\u00e5 under \u00e5rets varma dagar. Den l\u00e4tt sluttande gr\u00e4smattan l\u00e4mpar sig utm\u00e4rkt f\u00f6r barnens lekar eller ett parti kubb.\u00a0<\/p>\n<p><strong>G\u00e4stboden\u00a0<\/strong>som ligger strax\u00a0intill, \u00e4r idag inrett med tv\u00e5 s\u00e4ngplatser. Det \u00e4r sammanbyggt med\u00a0ett stort f\u00f6rr\u00e5d\u00a0och dessa g\u00e5r att bygga ihop f\u00f6r att f\u00e5 ett stort g\u00e4sthus med plats f\u00f6r m\u00e5nga v\u00e4nner och alla bekv\u00e4mligheter.\u00a0\u00a0Kommunalt vatten och avlopp \u00e4r framdraget till g\u00e4stboden.\u00a0<\/p>\n<p><strong>Sj\u00f6stugan\u00a0<\/strong>har ett mindre allrum\u00a0och separat sovdel samt pentry,\u00a0dusch och bastu finns i intilliggande bastu-hus. Njut av den vackra utsikten f\u00f6r att sedan springa ut p\u00e5 bryggan och hoppa i det friska vattnet.<\/p>\n<p><strong>Bastu.<\/strong>\u00a0Vid kallare v\u00e4der kan det vara sk\u00f6nt att ta sig en bastu i ett separat hus intill sj\u00f6stugan, med f\u00f6nster fr\u00e5n golv till tak som erbjuder en spektakul\u00e4r vy. I bakkant av bastun finns \u00e4ven dusch.\u00a0Kommunalt vatten och avlopp \u00e4r framdraget till bastun.<\/p>\n<p><strong>Uthus.<\/strong>\u00a0L\u00e4ngst upp p\u00e5 tomten finns\u00a0en \u201dcarport\u201d med plats f\u00f6r gr\u00e4sklippare och andra redskap samt en snickarbod\/verkstad och ett utedass. Tomten \u00e4r utrustad med robotgr\u00e4sklippare.<\/p>\";}i:1;O:8:\"stdClass\":6:{s:10:\"categoryId\";s:0:\"\";s:8:\"category\";s:0:\"\";s:12:\"languageCode\";s:2:\"sv\";s:8:\"language\";s:7:\"Svenska\";s:5:\"Title\";s:5:\"Mar\u00f6\";s:7:\"Content\";s:1391:\"<p><strong>Mar\u00f6\u00a0<\/strong>\u00e4r en vacker och mycket blomrik \u00f6 med drygt 40 fastigheter. En levande \u00f6 med m\u00e5nga lekkamrater f\u00f6r barnen och en\u00a0fotbollsplan\u00a0samt gemensamma gr\u00f6nomr\u00e5den, badstrand och promenadstigar runt \u00f6n. P\u00e5 \u00f6n finns det en hamn med sk\u00e4rg\u00e5rdens vackraste b\u00e5thus. Vid b\u00e5thuset\u00a0har man traditionsenligt midsommarfirande d\u00e4r alla generationer tr\u00e4ffas.\u00a0I hamnen\u00a0har alla del och egen b\u00e5tplats. \u00c4ven g\u00e4stplatser finns i hamnen.<\/p>\n<p>Vid \u00e5ngb\u00e5tsbryggan\u00a0finns en gemensam bastu att nyttja och h\u00e4r trafikerar Waxholmsbolaget \u00f6n med dagliga turer under sommaren.\u00a0Det finns b\u00e5tf\u00f6rbindelse till Furusund och \u00d6stern\u00e4s helger under isfri tid. D\u00e4rifr\u00e5n kan man \u00e5ka vidare med buss till Norrt\u00e4lje.<\/p>\n<p>P\u00e5 Mar\u00f6\u00a0kan man leva\u00a0bekv\u00e4mt,\u00a0trots att man \u00e4r p\u00e5 gr\u00e4nsen\u00a0till yttersk\u00e4rg\u00e5rden. Furusund n\u00e5s snabbt med egen b\u00e5t och h\u00e4r kan man bunkra b\u00e5ten och \u00e4ta lunch p\u00e5 v\u00e4rdshuset. N\u00e4ra\u00a0Mar\u00f6\u00a0finns flera popul\u00e4ra krogar bl.a p\u00e5 Lid\u00f6, Fejan och\u00a0Arholma\u00a0d\u00e4r \u00e4ven aff\u00e4r finns vilken bekv\u00e4mt n\u00e5s med b\u00e5ten. F\u00f6r badutflykter \u00e4r det bara att ta den egna b\u00e5ten och v\u00e4lja och vraka bland den fina klipp\u00f6arna i n\u00e4rheten.<\/p>\n<p>Till Mar\u00f6 h\u00f6r \u00e4ven tv\u00e5 mindre \u00f6ar, Stora och Lilla F\u00e4llen, vilka \u00e4gs samf\u00e4llt av fastigheterna p\u00e5 Mar\u00f6. \u00d6n\u00a0\u00e4r ansluten till kommunalt vatten och avlopp och h\u00e4r finns \u00e4ven fiber.\u00a0<\/p>\";}}}","_fasad_Economy":"O:8:\"stdClass\":45:{s:5:\"price\";s:7:\"7900000\";s:8:\"currency\";s:2:\"kr\";s:15:\"currencyIso4217\";s:3:\"SEK\";s:12:\"priceComment\";s:0:\"\";s:14:\"secondaryPrice\";s:0:\"\";s:17:\"secondaryCurrency\";s:0:\"\";s:24:\"secondaryCurrencyIso4217\";s:3:\"SEK\";s:21:\"secondaryPriceComment\";s:0:\"\";s:9:\"priceType\";s:4:\"Pris\";s:8:\"taxHouse\";s:7:\"1248000\";s:9:\"taxGround\";s:7:\"3967000\";s:8:\"taxField\";s:0:\"\";s:10:\"taxPasture\";s:0:\"\";s:9:\"taxForest\";s:0:\"\";s:19:\"taxForestImpediment\";s:0:\"\";s:21:\"taxCommercialBuilding\";s:0:\"\";s:8:\"taxOther\";s:0:\"\";s:6:\"taxSum\";s:0:\"\";s:8:\"taxTotal\";s:7:\"5215000\";s:10:\"groundRent\";s:0:\"\";s:16:\"groundRentExpiry\";s:0:\"\";s:5:\"lease\";s:0:\"\";s:7:\"taxYear\";s:4:\"2024\";s:9:\"valueYear\";s:4:\"1959\";s:3:\"fee\";s:0:\"\";s:10:\"repairFund\";s:0:\"\";s:13:\"includedInFee\";s:0:\"\";s:13:\"excludedInFee\";s:0:\"\";s:14:\"knownFeeChange\";s:0:\"\";s:12:\"buyerNetDebt\";s:0:\"\";s:19:\"buyerNetDebtComment\";s:0:\"\";s:7:\"taxRate\";s:4:\"31.8\";s:7:\"taxCode\";s:3:\"220\";s:10:\"taxComment\";s:0:\"\";s:18:\"insuranceFullValue\";s:0:\"\";s:7:\"pledged\";s:1:\"0\";s:10:\"noOfPledge\";s:2:\"14\";s:11:\"propertyFee\";s:5:\"10074\";s:9:\"pledgefee\";s:0:\"\";s:11:\"transferfee\";s:0:\"\";s:17:\"transferfeepaidby\";s:0:\"\";s:9:\"taxPrelim\";s:1:\"0\";s:11:\"isMortgaged\";s:1:\"1\";s:14:\"totalMortgages\";s:6:\"787500\";s:14:\"OperatingCosts\";O:8:\"stdClass\":5:{s:7:\"comment\";s:41:\"Solpaneler gav 2875 producerade Kwh 2024.\";s:15:\"numberOfPersons\";s:0:\"\";s:11:\"totalAmount\";s:4:\"2405\";s:15:\"totalAmountYear\";s:5:\"28864\";s:13:\"OperatingCost\";a:6:{i:0;O:8:\"stdClass\":3:{s:5:\"alias\";s:2:\"El\";s:6:\"amount\";s:3:\"684\";s:10:\"amountYear\";s:4:\"8210\";}i:1;O:8:\"stdClass\":3:{s:5:\"alias\";s:13:\"Vatten\/Avlopp\";s:6:\"amount\";s:3:\"570\";s:10:\"amountYear\";s:4:\"6840\";}i:2;O:8:\"stdClass\":3:{s:5:\"alias\";s:7:\"Sotning\";s:6:\"amount\";s:2:\"69\";s:10:\"amountYear\";s:3:\"830\";}i:3;O:8:\"stdClass\":3:{s:5:\"alias\";s:13:\"Samf\u00e4llighet\";s:6:\"amount\";s:3:\"417\";s:10:\"amountYear\";s:4:\"5000\";}i:4;O:8:\"stdClass\":3:{s:5:\"alias\";s:12:\"Renh\u00e5llning\";s:6:\"amount\";s:3:\"233\";s:10:\"amountYear\";s:4:\"2790\";}i:5;O:8:\"stdClass\":3:{s:5:\"alias\";s:12:\"F\u00f6rs\u00e4kring\";s:6:\"amount\";s:3:\"433\";s:10:\"amountYear\";s:4:\"5194\";}}}}","_fasad_Energy":"O:8:\"stdClass\":6:{s:5:\"class\";s:0:\"\";s:11:\"performance\";s:0:\"\";s:15:\"certificateDate\";s:0:\"\";s:24:\"energyDeclarationAddress\";s:0:\"\";s:6:\"status\";s:10:\"Beh\u00f6vs ej\";s:19:\"electricitySupplier\";s:0:\"\";}","_fasad_Fireplace":"\u00d6ppen spis & vedspis","_fasad_ObjectDocuments":"O:8:\"stdClass\":1:{s:14:\"ObjectDocument\";O:8:\"stdClass\":4:{s:5:\"alias\";s:16:\"Mar\u00f6 detaljplan\";s:8:\"filesize\";s:7:\"1242248\";s:4:\"href\";s:59:\"https:\/\/crm.fasad.eu\/api\/document\/render\/documentid\/3454143\";s:14:\"belongToMaster\";s:1:\"0\";}}","_fasad_Realtors":"a:1:{i:0;O:8:\"stdClass\":12:{s:2:\"id\";s:4:\"8119\";s:9:\"firstname\";s:3:\"Leo\";s:8:\"lastname\";s:7:\"Almborg\";s:4:\"type\";s:17:\"Ansvarig M\u00e4klare\";s:5:\"email\";s:14:\"leo@sjonara.se\";s:5:\"phone\";s:0:\"\";s:11:\"phoneString\";s:0:\"\";s:9:\"cellphone\";s:11:\"46730245005\";s:15:\"cellphoneString\";s:13:\"073-024 50 05\";s:5:\"image\";s:53:\"https:\/\/images03.fasad.eu\/617\/user\/17407360938119.jpg\";s:5:\"title\";s:18:\"Fastighetsm\u00e4klare\";s:10:\"titleExtra\";s:0:\"\";}}","_fasad_Showings":"O:8:\"stdClass\":1:{s:20:\"noShowingDefaultText\";s:51:\"Kontakta m\u00e4klaren f\u00f6r mer information om visning.\";}","_fasad_Size":"O:8:\"stdClass\":11:{s:5:\"rooms\";s:1:\"4\";s:16:\"roomsInformation\";s:12:\"rum och k\u00f6k\";s:8:\"minRooms\";s:1:\"4\";s:8:\"maxRooms\";s:1:\"4\";s:11:\"minBedrooms\";s:1:\"2\";s:11:\"maxBedrooms\";s:0:\"\";s:7:\"minArea\";s:1:\"2\";s:7:\"maxArea\";s:1:\"2\";s:9:\"Bathrooms\";s:1:\"1\";s:11:\"GuestToilet\";N;s:5:\"Areas\";O:8:\"stdClass\":2:{s:7:\"comment\";s:0:\"\";s:4:\"Area\";a:3:{i:0;O:8:\"stdClass\":5:{s:4:\"type\";s:6:\"Boarea\";s:6:\"prefix\";s:0:\"\";s:4:\"size\";s:2:\"68\";s:4:\"unit\";s:3:\"Kvm\";s:7:\"basedOn\";s:19:\"Fastighetsregistret\";}i:1;O:8:\"stdClass\":5:{s:4:\"type\";s:8:\"Tomtarea\";s:6:\"prefix\";s:0:\"\";s:4:\"size\";s:4:\"2577\";s:4:\"unit\";s:3:\"Kvm\";s:7:\"basedOn\";s:19:\"Fastighetsregistret\";}i:2;O:8:\"stdClass\":5:{s:4:\"type\";s:6:\"Vatten\";s:6:\"prefix\";s:0:\"\";s:4:\"size\";s:4:\"1165\";s:4:\"unit\";s:3:\"Kvm\";s:7:\"basedOn\";s:19:\"Fastighetsregistret\";}}}}","_fasad_Floor":"","_fasad_TvInternet":"","_fasad_Window":"2-glas och 3-glas","_fasad_areas":"a:3:{i:0;O:8:\"stdClass\":6:{s:4:\"type\";s:6:\"Boarea\";s:6:\"prefix\";s:0:\"\";s:4:\"size\";s:2:\"68\";s:4:\"unit\";s:3:\"Kvm\";s:7:\"basedOn\";s:19:\"Fastighetsregistret\";s:13:\"extraBuilding\";N;}i:1;O:8:\"stdClass\":6:{s:4:\"type\";s:8:\"Tomtarea\";s:6:\"prefix\";s:0:\"\";s:4:\"size\";s:4:\"2577\";s:4:\"unit\";s:3:\"Kvm\";s:7:\"basedOn\";s:19:\"Fastighetsregistret\";s:13:\"extraBuilding\";N;}i:2;O:8:\"stdClass\":6:{s:4:\"type\";s:6:\"Vatten\";s:6:\"prefix\";s:0:\"\";s:4:\"size\";s:4:\"1165\";s:4:\"unit\";s:3:\"Kvm\";s:7:\"basedOn\";s:19:\"Fastighetsregistret\";s:13:\"extraBuilding\";N;}}","_fasad_formOfOwnership":"Frik\u00f6pt - Sm\u00e5hus","_fasad_priceComment":"","_fasad_roomsInformation":"rum och k\u00f6k","_fasad_Storageroom":"","_fasad_Parkings":"","sjonara_en_building":"","sjonara_en_descriptions":"","sjonara_en_economy":"","sjonara_en_energy":"","sjonara_en_fireplace":"","sjonara_en_objectDocuments":"","sjonara_en_realtors":"","sjonara_en_showings":"","sjonara_en_size":"","sjonara_en_floor":"","sjonara_en_tvInternet":"","sjonara_en_window":"","sjonara_en_areas":"","sjonara_en_formOfOwnership":"","sjonara_en_priceComment":"","sjonara_en_roomsInformation":"","sjonara_en_storageroom":"","sjonara_en_parkings":""},"class_list":["post-51229","fasad_object","type-fasad_object","status-publish","hentry","fasad_object_type-fritidshus","fasad_district-maro-furusundsleden","fasad_city-graddo","fasad_commune-norrtalje"],"sv_descriptions_html":"<p><strong>St\u00e4llet som har det mesta:<\/strong><\/p>\n<ul>\n<li>V\u00e4sterl\u00e4ge med kv\u00e4llssol<\/li>\n<li>Kommunalt Vatten, Avlopp, WC, och Soph\u00e4mtning<\/li>\n<li>Gemensam hamnanl\u00e4ggning med egen b\u00e5tplats<\/li>\n<li>Waxholms b\u00e5t<\/li>\n<li>Sj\u00f6stugor med bastu och pentry<\/li>\n<\/ul>\n<p><strong>Fastigheten\u00a0<\/strong>\u00e4r mycket v\u00e4lsk\u00f6tt och kring stor-stugan finns det fina tr\u00e4dg\u00e5rdsytor och odlingar som inramas av byggnader,\u00a0g\u00e4sthus med f\u00f6rr\u00e5d, vilket skapar en idyllisk k\u00e4nsla. Vid vattnet, strax ovan bryggan, finns\u00a0sj\u00f6stugan\u00a0och intill detta en separat bastu. Strandlinjen best\u00e5r mestadels av vackra sl\u00e4ta klipph\u00e4llar och \u00e4r en perfekt plats att njuta avnjuta solnedg\u00e5ngen p\u00e5\/ifr\u00e5n.\u00a0\u00c4kta sj\u00f6tomt om 2 577 m\u00b2 och 1 165 m\u00b2 vattenomr\u00e5de, med en fantastisk utsikt \u00f6ver Furusundsleden. H\u00e4r lever man ett riktigt sk\u00e4rg\u00e5rdsliv med klart, fint vatten och bl\u00e5st\u00e5ng. Ofta sk\u00e5das havs\u00f6rnar och ibland ser man ett nyfiket s\u00e4lhuvud sticka upp \u00f6ver ytan. Vid vattnet finns det ett rej\u00e4lt\u00a0bryggd\u00e4ck med intilliggande sj\u00f6stuga och bastu tillsammans med h\u00e4rligt sold\u00e4ck. Bada g\u00f6r du fr\u00e5n stranden, fr\u00e5n bryggans badstegar eller p\u00e5 klipporna intill. P\u00e5 Mar\u00f6 finns \u00e4ven en barnv\u00e4nlig strand som ligger p\u00e5 \u00f6ns \u00f6stra sida, barnv\u00e4nlig s\u00e5 det f\u00f6rsl\u00e5r med lekst\u00e4llning och annat d\u00e4r \u00f6ns barn tr\u00e4ffas.<\/p>\n<p><strong>Stor-stugan\u00a0<\/strong>\u00e4r ursprungligen byggt\u00a0p\u00e5 60-talet, men har under de senaste \u00e5ren renoverats och byggts till och \u00e4r idag ca 68 m\u00b2 plus en inglasad veranda om ca 17 m\u00b2. I huvudhuset finns det tv\u00e5 sovrum varav ett \u00e4r st\u00f6rre med plats f\u00f6r dubbels\u00e4ng samt en\u00a0stor m\u00f6blerbar hall och en skrivplats. Duschrummet \u00e4r delvis kaklat med wc, tv\u00e4ttst\u00e4ll och dusch\u00a0med golvv\u00e4rme.\u00a0Allrum och k\u00f6k ligger i fil mot vattnet och framf\u00f6r finns en tillbyggd veranda med gener\u00f6s takh\u00f6jd och stora\u00a0\u00f6ppningsbara\u00a0f\u00f6nsterpartier mot vattnet. Centralt placerat i huset finns en murad eldstad, som sprider v\u00e4rme och mysk\u00e4nsla under \u00e5rets kallare dagar\u00a0liksom en ny v\u00e4rmepump. Under 2023 installerades tolv stycken solcellspaneler f\u00f6r att kunna producera egen el och ge l\u00e4gre driftkostnader. K\u00f6ket \u00e4r \u00f6ppet ut mot matplats med en fantastisk sj\u00f6kontakt med all n\u00f6dv\u00e4ndig utrustning,\u00a0liksom en liten j\u00e4rnspis.\u00a0Hela huset \u00e4r ljust och trivsamt. P\u00e5 altanen finns gott om plats f\u00f6r b\u00e5de utem\u00f6bler, grill och ett stort matbord. H\u00e4r erbjuds stora sociala ytor anpassat f\u00f6r den moderna familjen, en perfekt plats att samlas p\u00e5 under \u00e5rets varma dagar. Den l\u00e4tt sluttande gr\u00e4smattan l\u00e4mpar sig utm\u00e4rkt f\u00f6r barnens lekar eller ett parti kubb.\u00a0<\/p>\n<p><strong>G\u00e4stboden\u00a0<\/strong>som ligger strax\u00a0intill, \u00e4r idag inrett med tv\u00e5 s\u00e4ngplatser. Det \u00e4r sammanbyggt med\u00a0ett stort f\u00f6rr\u00e5d\u00a0och dessa g\u00e5r att bygga ihop f\u00f6r att f\u00e5 ett stort g\u00e4sthus med plats f\u00f6r m\u00e5nga v\u00e4nner och alla bekv\u00e4mligheter.\u00a0\u00a0Kommunalt vatten och avlopp \u00e4r framdraget till g\u00e4stboden.\u00a0<\/p>\n<p><strong>Sj\u00f6stugan\u00a0<\/strong>har ett mindre allrum\u00a0och separat sovdel samt pentry,\u00a0dusch och bastu finns i intilliggande bastu-hus. Njut av den vackra utsikten f\u00f6r att sedan springa ut p\u00e5 bryggan och hoppa i det friska vattnet.<\/p>\n<p><strong>Bastu.<\/strong>\u00a0Vid kallare v\u00e4der kan det vara sk\u00f6nt att ta sig en bastu i ett separat hus intill sj\u00f6stugan, med f\u00f6nster fr\u00e5n golv till tak som erbjuder en spektakul\u00e4r vy. I bakkant av bastun finns \u00e4ven dusch.\u00a0Kommunalt vatten och avlopp \u00e4r framdraget till bastun.<\/p>\n<p><strong>Uthus.<\/strong>\u00a0L\u00e4ngst upp p\u00e5 tomten finns\u00a0en \u201dcarport\u201d med plats f\u00f6r gr\u00e4sklippare och andra redskap samt en snickarbod\/verkstad och ett utedass. Tomten \u00e4r utrustad med robotgr\u00e4sklippare.<\/p><strong>Mar\u00f6<\/strong><br\/><p><strong>Mar\u00f6\u00a0<\/strong>\u00e4r en vacker och mycket blomrik \u00f6 med drygt 40 fastigheter. En levande \u00f6 med m\u00e5nga lekkamrater f\u00f6r barnen och en\u00a0fotbollsplan\u00a0samt gemensamma gr\u00f6nomr\u00e5den, badstrand och promenadstigar runt \u00f6n. P\u00e5 \u00f6n finns det en hamn med sk\u00e4rg\u00e5rdens vackraste b\u00e5thus. Vid b\u00e5thuset\u00a0har man traditionsenligt midsommarfirande d\u00e4r alla generationer tr\u00e4ffas.\u00a0I hamnen\u00a0har alla del och egen b\u00e5tplats. \u00c4ven g\u00e4stplatser finns i hamnen.<\/p>\n<p>Vid \u00e5ngb\u00e5tsbryggan\u00a0finns en gemensam bastu att nyttja och h\u00e4r trafikerar Waxholmsbolaget \u00f6n med dagliga turer under sommaren.\u00a0Det finns b\u00e5tf\u00f6rbindelse till Furusund och \u00d6stern\u00e4s helger under isfri tid. D\u00e4rifr\u00e5n kan man \u00e5ka vidare med buss till Norrt\u00e4lje.<\/p>\n<p>P\u00e5 Mar\u00f6\u00a0kan man leva\u00a0bekv\u00e4mt,\u00a0trots att man \u00e4r p\u00e5 gr\u00e4nsen\u00a0till yttersk\u00e4rg\u00e5rden. Furusund n\u00e5s snabbt med egen b\u00e5t och h\u00e4r kan man bunkra b\u00e5ten och \u00e4ta lunch p\u00e5 v\u00e4rdshuset. N\u00e4ra\u00a0Mar\u00f6\u00a0finns flera popul\u00e4ra krogar bl.a p\u00e5 Lid\u00f6, Fejan och\u00a0Arholma\u00a0d\u00e4r \u00e4ven aff\u00e4r finns vilken bekv\u00e4mt n\u00e5s med b\u00e5ten. F\u00f6r badutflykter \u00e4r det bara att ta den egna b\u00e5ten och v\u00e4lja och vraka bland den fina klipp\u00f6arna i n\u00e4rheten.<\/p>\n<p>Till Mar\u00f6 h\u00f6r \u00e4ven tv\u00e5 mindre \u00f6ar, Stora och Lilla F\u00e4llen, vilka \u00e4gs samf\u00e4llt av fastigheterna p\u00e5 Mar\u00f6. \u00d6n\u00a0\u00e4r ansluten till kommunalt vatten och avlopp och h\u00e4r finns \u00e4ven fiber.\u00a0<\/p>","meta_box":[],"_links":{"self":[{"href":"https:\/\/www.sjonara.se\/sv\/wp-json\/wp\/v2\/fasad_object\/51229","targetHints":{"allow":["GET"]}}],"collection":[{"href":"https:\/\/www.sjonara.se\/sv\/wp-json\/wp\/v2\/fasad_object"}],"about":[{"href":"https:\/\/www.sjonara.se\/sv\/wp-json\/wp\/v2\/types\/fasad_object"}],"wp:attachment":[{"href":"https:\/\/www.sjonara.se\/sv\/wp-json\/wp\/v2\/media?parent=51229"}],"curies":[{"name":"wp","href":"https:\/\/api.w.org\/{rel}","templated":true}]}}