{"id":49588,"date":"2020-05-07T17:13:39","date_gmt":"2020-05-07T15:13:39","guid":{"rendered":"https:\/\/www.sjonara.se\/sv\/objekt\/skargardstorp-centrala-dalaro\/"},"modified":"2020-05-07T17:13:39","modified_gmt":"2020-05-07T15:13:39","slug":"skargardstorp-centrala-dalaro","status":"publish","type":"fasad_object","link":"https:\/\/www.sjonara.se\/sv\/objekt\/skargardstorp-centrala-dalaro\/","title":{"rendered":"Sk\u00e4rg\u00e5rdstorp &#8211; Centrala Dalar\u00f6"},"content":{"rendered":"<p>Pittoreskt och renoverat sk\u00e4rg\u00e5rdstorp, ursprungligen fr\u00e5n 1850. Ljust och mysigt med bevarade detaljer s\u00e5som kakelugn, tr\u00e4golv och speglade d\u00f6rrar. G\u00e4ststuga och mangelbod. Prunkade tr\u00e4dg\u00e5rdstomt som sommartid blir som en insynsskyddad gr\u00f6nskande oas.<\/p>\n","protected":false},"template":"","meta":{"_fasad_id":"1397365","sjonara_en_slug":"","sjonara_en_title":"","sjonara_en_textShort":"","sjonara_en_text":"","sjonara_en_translation_in_progress":false,"sjonara_en_last_translation":"","_fasad_salesTitle":"\nSk\u00e4rg\u00e5rdstorp - Centrala Dalar\u00f6\n","_fasad_SalesTextShort":"Pittoreskt och renoverat sk\u00e4rg\u00e5rdstorp, ursprungligen fr\u00e5n 1850. Ljust och mysigt med bevarade detaljer s\u00e5som kakelugn, tr\u00e4golv och speglade d\u00f6rrar. G\u00e4ststuga och mangelbod. Prunkade tr\u00e4dg\u00e5rdstomt som sommartid blir som en insynsskyddad gr\u00f6nskande oas.","_fasad_salesText":"\nPittoreskt och renoverat sk\u00e4rg\u00e5rdstorp, ursprungligen fr\u00e5n 1850. Ljust och mysigt med bevarade detaljer s\u00e5som kakelugn, tr\u00e4golv och speglade d\u00f6rrar. G\u00e4ststuga och mangelbod. Prunkade tr\u00e4dg\u00e5rdstomt som sommartid blir som en insynsskyddad gr\u00f6nskande oas.\n","_fasad_Building":"O:8:\"stdClass\":15:{s:12:\"buildingType\";s:22:\"1 1\/2 plans fritidshus\";s:11:\"heatingType\";s:42:\"Luft-luftv\u00e4rmepump, Direkt el och eldstad\";s:17:\"energyVentilation\";s:10:\"Sj\u00e4lvdrag\";s:6:\"facade\";s:4:\"Tr\u00e4\";s:4:\"roof\";s:5:\"Tegel\";s:9:\"loftFloor\";s:4:\"Tr\u00e4\";s:9:\"framework\";s:4:\"Tr\u00e4\";s:7:\"chimney\";s:0:\"\";s:10:\"chimneypot\";s:0:\"\";s:14:\"municipalWater\";s:45:\"Kommunalt vatten \u00e5ret om.. Kommunalt avlopp.\";s:9:\"metalwork\";s:14:\"Lackerad pl\u00e5t\";s:10:\"foundation\";s:11:\"Torpargrund\";s:5:\"Radon\";N;s:16:\"GeneralCondition\";N;s:16:\"CompassDirection\";N;}","_fasad_Descriptions":"O:8:\"stdClass\":1:{s:11:\"Description\";a:3:{i:0;O:8:\"stdClass\":6:{s:10:\"categoryId\";s:1:\"4\";s:8:\"category\";s:7:\"Omr\u00e5de\";s:12:\"languageCode\";s:2:\"sv\";s:8:\"language\";s:7:\"Svenska\";s:5:\"Title\";s:8:\"Omr\u00e5det\";s:7:\"Content\";s:1084:\"<p>Dalar\u00f6 - hj\u00e4rtat i s\u00f6dra sk\u00e4rg\u00e5rden. Ett litet samh\u00e4lle med traditionell sk\u00e4rg\u00e5rdsmilj\u00f6 d\u00e4r 1700-talstorp st\u00e5r sida vid sida med gamla grosshandlarvillor och nyare bebyggelse i utkanterna. Fastigheten \u00e4r idylliskt bel\u00e4gen p\u00e5 en kulle i den centrala delen av samh\u00e4llet n\u00e4ra aff\u00e4rer, bank, bageri, lanthandel, restauranger m.m. G\u00e5ngavst\u00e5nd till Schweizerbadets fina l\u00e5nggrunda sandstr\u00e4nder m.m.<\/p>\n<p>W-b\u00e5tstrafik t\/fr Stockholm och ut till \u00f6arna i yttersk\u00e4rg\u00e5rden, bl.a Orn\u00f6, Kymmend\u00f6, Ut\u00f6 m.fl.<\/p>\n<p>Avst\u00e5nd Stockholm - Dalar\u00f6 42 km. Pendelt\u00e5g fr\u00e5n Sthlm-central till Handentezminalen och buss 839 till Dalar\u00f6, restid ca 1 timme. Direktbussar t.o.r Dalar\u00f6-Globen ca 40 min under h\u00f6gtrafik.<\/p>\n<p>\u00a0<\/p>\n<p>\u00a0<\/p>\n<p><strong>Sk\u00e4rg\u00e5rdstorpet<br \/><\/strong>Pittoreskt och renoverat sk\u00e4rg\u00e5rdstorp, ursprungligen fr\u00e5n 1850. Ljust och mysigt med bevarade detaljer s\u00e5som kakelugn, tr\u00e4golv och speglade d\u00f6rrar. G\u00e4ststuga och mangelbod. Prunkade tr\u00e4dg\u00e5rdstomt som sommartid blir som en insynsskyddad gr\u00f6nskande oas.<\/p>\n<p>\u00a0<\/p>\n<p>\u00a0<\/p>\";}i:1;O:8:\"stdClass\":6:{s:10:\"categoryId\";s:1:\"1\";s:8:\"category\";s:9:\"Interi\u00f6r\";s:12:\"languageCode\";s:2:\"sv\";s:8:\"language\";s:7:\"Svenska\";s:5:\"Title\";s:12:\"Planl\u00f6sning\";s:7:\"Content\";s:1019:\"<p>Huvudbyggnad:<\/p>\n<p>Entr\u00e9hall med garderober och trappa till \u00f6verv\u00e5ningen.<br \/>Smakfullt renoverat duschrum med klinkergolv med golvv\u00e4rme, duschplats, wc och tv\u00e4ttst\u00e4ll. Tv\u00e4ttmaskin.<br \/>M\u00f6blerbar hall mot k\u00f6k och vardagsrum.<br \/>Renoverat, hemtrevligt k\u00f6k med lantlig charm. Gener\u00f6s matplats i vinkel med br\u00f6stpanel, matplatsen g\u00e5r utm\u00e4rkta att dela av till ett ytterligare sovrum om s\u00e5 \u00f6nskas.<br \/>Vardagsrum med vacker fungerande kakelugn. Glasveranda med utg\u00e5ng till altan och tr\u00e4dg\u00e5rd.<br \/>\u00d6vre plan: Sovrum\/genomg\u00e5ngsrum med garderob. Sovrum med gjutj\u00e4rnskamin.<\/p>\n<p>Genomg\u00e5ende ytskikt i ljusa f\u00e4rger och vitoljade tr\u00e4golv. \u00c4ldre bevarade detaljer s\u00e5som p\u00e4rlspont, speglade d\u00f6rrar och spr\u00f6jsade f\u00f6nster.<\/p>\n<p>G\u00e4ststuga\u00a0 om cirka 30 m\u00b2: Stort g\u00e4strum med pentrydel. Duschutrymme samt utedass som idag anv\u00e4nds som f\u00f6rr\u00e5d. Mangelbod som anv\u00e4nds som f\u00f6rr\u00e5d.<br \/>Stora altaner\/tr\u00e4d\u00e4ck med utm\u00e4rkt sol hela dagen och kv\u00e4llen vid huvudbyggnad och g\u00e4sthus.<\/p>\";}i:2;O:8:\"stdClass\":6:{s:10:\"categoryId\";s:1:\"6\";s:8:\"category\";s:9:\"Fastighet\";s:12:\"languageCode\";s:2:\"sv\";s:8:\"language\";s:7:\"Svenska\";s:5:\"Title\";s:4:\"Tomt\";s:7:\"Content\";s:199:\"<p>Prunkade och lummig tr\u00e4dg\u00e5rd som sommartid bildar en insynsskyddad gr\u00f6n oas med bl a planteringar och syrenh\u00e4ck. Flera uteplatser med sol hela dagen och gott om parkering finns p\u00e5 tomten.<\/p>\";}}}","_fasad_Economy":"O:8:\"stdClass\":42:{s:5:\"price\";s:7:\"5750000\";s:8:\"currency\";s:2:\"kr\";s:15:\"currencyIso4217\";s:3:\"SEK\";s:12:\"priceComment\";s:0:\"\";s:14:\"secondaryPrice\";s:0:\"\";s:17:\"secondaryCurrency\";s:0:\"\";s:24:\"secondaryCurrencyIso4217\";s:3:\"SEK\";s:21:\"secondaryPriceComment\";s:0:\"\";s:8:\"taxHouse\";s:6:\"813000\";s:9:\"taxGround\";s:7:\"2115000\";s:8:\"taxField\";s:0:\"\";s:10:\"taxPasture\";s:0:\"\";s:9:\"taxForest\";s:0:\"\";s:19:\"taxForestImpediment\";s:0:\"\";s:21:\"taxCommercialBuilding\";s:0:\"\";s:8:\"taxOther\";s:0:\"\";s:6:\"taxSum\";s:0:\"\";s:8:\"taxTotal\";s:7:\"2928000\";s:10:\"groundRent\";s:0:\"\";s:16:\"groundRentExpiry\";s:0:\"\";s:5:\"lease\";s:0:\"\";s:7:\"taxYear\";s:4:\"2018\";s:9:\"valueYear\";s:4:\"1945\";s:3:\"fee\";s:0:\"\";s:10:\"repairFund\";s:0:\"\";s:13:\"includedInFee\";s:0:\"\";s:13:\"excludedInFee\";s:0:\"\";s:14:\"knownFeeChange\";s:0:\"\";s:7:\"taxRate\";s:5:\"31.76\";s:7:\"taxCode\";s:3:\"220\";s:10:\"taxComment\";s:0:\"\";s:18:\"insuranceFullValue\";s:0:\"\";s:7:\"pledged\";s:1:\"0\";s:10:\"noOfPledge\";s:1:\"9\";s:11:\"propertyFee\";s:4:\"8349\";s:9:\"pledgefee\";s:0:\"\";s:11:\"transferfee\";s:0:\"\";s:17:\"transferfeepaidby\";s:0:\"\";s:9:\"taxPrelim\";s:1:\"0\";s:11:\"isMortgaged\";s:1:\"1\";s:14:\"totalMortgages\";s:7:\"3500000\";s:14:\"OperatingCosts\";O:8:\"stdClass\":5:{s:7:\"comment\";s:0:\"\";s:15:\"numberOfPersons\";s:0:\"\";s:11:\"totalAmount\";s:4:\"1383\";s:15:\"totalAmountYear\";s:5:\"16600\";s:13:\"OperatingCost\";a:5:{i:0;O:8:\"stdClass\":3:{s:5:\"alias\";s:2:\"El\";s:6:\"amount\";s:3:\"833\";s:10:\"amountYear\";s:5:\"10000\";}i:1;O:8:\"stdClass\":3:{s:5:\"alias\";s:13:\"Vatten\/Avlopp\";s:6:\"amount\";s:3:\"167\";s:10:\"amountYear\";s:4:\"2000\";}i:2;O:8:\"stdClass\":3:{s:5:\"alias\";s:7:\"Sotning\";s:6:\"amount\";s:1:\"8\";s:10:\"amountYear\";s:3:\"100\";}i:3;O:8:\"stdClass\":3:{s:5:\"alias\";s:12:\"Renh\u00e5llning\";s:6:\"amount\";s:3:\"125\";s:10:\"amountYear\";s:4:\"1500\";}i:4;O:8:\"stdClass\":3:{s:5:\"alias\";s:12:\"F\u00f6rs\u00e4kring\";s:6:\"amount\";s:3:\"250\";s:10:\"amountYear\";s:4:\"3000\";}}}}","_fasad_Energy":"O:8:\"stdClass\":6:{s:5:\"class\";s:0:\"\";s:11:\"performance\";s:0:\"\";s:15:\"certificateDate\";s:0:\"\";s:24:\"energyDeclarationAddress\";s:0:\"\";s:6:\"status\";s:10:\"Beh\u00f6vs ej\";s:19:\"electricitySupplier\";s:0:\"\";}","_fasad_Fireplace":"Kakelugn","_fasad_ObjectDocuments":"","_fasad_Realtors":"a:2:{i:0;O:8:\"stdClass\":12:{s:2:\"id\";s:4:\"5959\";s:9:\"firstname\";s:6:\"Joakim\";s:8:\"lastname\";s:9:\"Lundstedt\";s:4:\"type\";s:17:\"Ansvarig M\u00e4klare\";s:5:\"email\";s:17:\"joakim@sjonara.se\";s:5:\"phone\";s:0:\"\";s:11:\"phoneString\";s:0:\"\";s:9:\"cellphone\";s:11:\"46709999903\";s:15:\"cellphoneString\";s:13:\"070-999 99 03\";s:5:\"image\";s:43:\"https:\/\/images03.fasad.eu\/617\/user\/5959.jpg\";s:5:\"title\";s:18:\"Fastighetsm\u00e4klare\";s:10:\"titleExtra\";s:0:\"\";}i:1;O:8:\"stdClass\":12:{s:2:\"id\";s:4:\"5945\";s:9:\"firstname\";s:3:\"Eva\";s:8:\"lastname\";s:8:\"Peterson\";s:4:\"type\";s:20:\"Bitr\u00e4dande M\u00e4klare\";s:5:\"email\";s:14:\"eva@sjonara.se\";s:5:\"phone\";s:0:\"\";s:11:\"phoneString\";s:0:\"\";s:9:\"cellphone\";s:11:\"46735000052\";s:15:\"cellphoneString\";s:13:\"073-500 00 52\";s:5:\"image\";s:43:\"https:\/\/images03.fasad.eu\/617\/user\/5945.jpg\";s:5:\"title\";s:18:\"Fastighetsm\u00e4klare\";s:10:\"titleExtra\";s:0:\"\";}}","_fasad_Showings":"","_fasad_Size":"O:8:\"stdClass\":11:{s:5:\"rooms\";s:1:\"4\";s:16:\"roomsInformation\";s:0:\"\";s:8:\"minRooms\";s:1:\"4\";s:8:\"maxRooms\";s:1:\"4\";s:11:\"minBedrooms\";s:1:\"2\";s:11:\"maxBedrooms\";s:1:\"3\";s:7:\"minArea\";s:1:\"0\";s:7:\"maxArea\";s:3:\"999\";s:9:\"Bathrooms\";s:1:\"1\";s:11:\"GuestToilet\";N;s:5:\"Areas\";O:8:\"stdClass\":2:{s:7:\"comment\";s:0:\"\";s:4:\"Area\";a:3:{i:0;O:8:\"stdClass\":5:{s:4:\"type\";s:8:\"Tomtarea\";s:6:\"prefix\";s:0:\"\";s:4:\"size\";s:4:\"1007\";s:4:\"unit\";s:3:\"Kvm\";s:7:\"basedOn\";s:19:\"Fastighetsregistret\";}i:1;O:8:\"stdClass\":5:{s:4:\"type\";s:6:\"Boarea\";s:6:\"prefix\";s:0:\"\";s:4:\"size\";s:2:\"82\";s:4:\"unit\";s:3:\"Kvm\";s:7:\"basedOn\";s:19:\"Fastighetsregistret\";}i:2;O:8:\"stdClass\":5:{s:4:\"type\";s:6:\"Biarea\";s:6:\"prefix\";s:0:\"\";s:4:\"size\";s:2:\"30\";s:4:\"unit\";s:3:\"Kvm\";s:7:\"basedOn\";s:16:\"enligt s\u00e4ljaren\";}}}}","_fasad_Floor":"","_fasad_TvInternet":"Fiber finns indraget","_fasad_Window":"2-glas","_fasad_areas":"a:3:{i:0;O:8:\"stdClass\":6:{s:4:\"type\";s:8:\"Tomtarea\";s:6:\"prefix\";s:0:\"\";s:4:\"size\";s:4:\"1007\";s:4:\"unit\";s:3:\"Kvm\";s:7:\"basedOn\";s:19:\"Fastighetsregistret\";s:13:\"extraBuilding\";N;}i:1;O:8:\"stdClass\":6:{s:4:\"type\";s:6:\"Boarea\";s:6:\"prefix\";s:0:\"\";s:4:\"size\";s:2:\"82\";s:4:\"unit\";s:3:\"Kvm\";s:7:\"basedOn\";s:19:\"Fastighetsregistret\";s:13:\"extraBuilding\";N;}i:2;O:8:\"stdClass\":6:{s:4:\"type\";s:6:\"Biarea\";s:6:\"prefix\";s:0:\"\";s:4:\"size\";s:2:\"30\";s:4:\"unit\";s:3:\"Kvm\";s:7:\"basedOn\";s:16:\"enligt s\u00e4ljaren\";s:13:\"extraBuilding\";N;}}","_fasad_formOfOwnership":"Frik\u00f6pt - Sm\u00e5hus","_fasad_priceComment":"","_fasad_roomsInformation":"","_fasad_Storageroom":"","_fasad_Parkings":"","sjonara_en_building":"","sjonara_en_descriptions":"","sjonara_en_economy":"","sjonara_en_energy":"","sjonara_en_fireplace":"","sjonara_en_objectDocuments":"","sjonara_en_realtors":"","sjonara_en_showings":"","sjonara_en_size":"","sjonara_en_floor":"","sjonara_en_tvInternet":"","sjonara_en_window":"","sjonara_en_areas":"","sjonara_en_formOfOwnership":"","sjonara_en_priceComment":"","sjonara_en_roomsInformation":"","sjonara_en_storageroom":"","sjonara_en_parkings":""},"class_list":["post-49588","fasad_object","type-fasad_object","status-publish","hentry","fasad_object_type-fritidshus","fasad_district-dalaro-centralt","fasad_city-dalaro","fasad_commune-haninge"],"sv_descriptions_html":"<strong>Omr\u00e5det<\/strong><br\/><p>Dalar\u00f6 - hj\u00e4rtat i s\u00f6dra sk\u00e4rg\u00e5rden. Ett litet samh\u00e4lle med traditionell sk\u00e4rg\u00e5rdsmilj\u00f6 d\u00e4r 1700-talstorp st\u00e5r sida vid sida med gamla grosshandlarvillor och nyare bebyggelse i utkanterna. Fastigheten \u00e4r idylliskt bel\u00e4gen p\u00e5 en kulle i den centrala delen av samh\u00e4llet n\u00e4ra aff\u00e4rer, bank, bageri, lanthandel, restauranger m.m. G\u00e5ngavst\u00e5nd till Schweizerbadets fina l\u00e5nggrunda sandstr\u00e4nder m.m.<\/p>\n<p>W-b\u00e5tstrafik t\/fr Stockholm och ut till \u00f6arna i yttersk\u00e4rg\u00e5rden, bl.a Orn\u00f6, Kymmend\u00f6, Ut\u00f6 m.fl.<\/p>\n<p>Avst\u00e5nd Stockholm - Dalar\u00f6 42 km. Pendelt\u00e5g fr\u00e5n Sthlm-central till Handentezminalen och buss 839 till Dalar\u00f6, restid ca 1 timme. Direktbussar t.o.r Dalar\u00f6-Globen ca 40 min under h\u00f6gtrafik.<\/p>\n<p>\u00a0<\/p>\n<p>\u00a0<\/p>\n<p><strong>Sk\u00e4rg\u00e5rdstorpet<br \/><\/strong>Pittoreskt och renoverat sk\u00e4rg\u00e5rdstorp, ursprungligen fr\u00e5n 1850. Ljust och mysigt med bevarade detaljer s\u00e5som kakelugn, tr\u00e4golv och speglade d\u00f6rrar. G\u00e4ststuga och mangelbod. Prunkade tr\u00e4dg\u00e5rdstomt som sommartid blir som en insynsskyddad gr\u00f6nskande oas.<\/p>\n<p>\u00a0<\/p>\n<p>\u00a0<\/p><strong>Planl\u00f6sning<\/strong><br\/><p>Huvudbyggnad:<\/p>\n<p>Entr\u00e9hall med garderober och trappa till \u00f6verv\u00e5ningen.<br \/>Smakfullt renoverat duschrum med klinkergolv med golvv\u00e4rme, duschplats, wc och tv\u00e4ttst\u00e4ll. Tv\u00e4ttmaskin.<br \/>M\u00f6blerbar hall mot k\u00f6k och vardagsrum.<br \/>Renoverat, hemtrevligt k\u00f6k med lantlig charm. Gener\u00f6s matplats i vinkel med br\u00f6stpanel, matplatsen g\u00e5r utm\u00e4rkta att dela av till ett ytterligare sovrum om s\u00e5 \u00f6nskas.<br \/>Vardagsrum med vacker fungerande kakelugn. Glasveranda med utg\u00e5ng till altan och tr\u00e4dg\u00e5rd.<br \/>\u00d6vre plan: Sovrum\/genomg\u00e5ngsrum med garderob. Sovrum med gjutj\u00e4rnskamin.<\/p>\n<p>Genomg\u00e5ende ytskikt i ljusa f\u00e4rger och vitoljade tr\u00e4golv. \u00c4ldre bevarade detaljer s\u00e5som p\u00e4rlspont, speglade d\u00f6rrar och spr\u00f6jsade f\u00f6nster.<\/p>\n<p>G\u00e4ststuga\u00a0 om cirka 30 m\u00b2: Stort g\u00e4strum med pentrydel. Duschutrymme samt utedass som idag anv\u00e4nds som f\u00f6rr\u00e5d. Mangelbod som anv\u00e4nds som f\u00f6rr\u00e5d.<br \/>Stora altaner\/tr\u00e4d\u00e4ck med utm\u00e4rkt sol hela dagen och kv\u00e4llen vid huvudbyggnad och g\u00e4sthus.<\/p><strong>Tomt<\/strong><br\/><p>Prunkade och lummig tr\u00e4dg\u00e5rd som sommartid bildar en insynsskyddad gr\u00f6n oas med bl a planteringar och syrenh\u00e4ck. Flera uteplatser med sol hela dagen och gott om parkering finns p\u00e5 tomten.<\/p>","meta_box":[],"_links":{"self":[{"href":"https:\/\/www.sjonara.se\/sv\/wp-json\/wp\/v2\/fasad_object\/49588","targetHints":{"allow":["GET"]}}],"collection":[{"href":"https:\/\/www.sjonara.se\/sv\/wp-json\/wp\/v2\/fasad_object"}],"about":[{"href":"https:\/\/www.sjonara.se\/sv\/wp-json\/wp\/v2\/types\/fasad_object"}],"wp:attachment":[{"href":"https:\/\/www.sjonara.se\/sv\/wp-json\/wp\/v2\/media?parent=49588"}],"curies":[{"name":"wp","href":"https:\/\/api.w.org\/{rel}","templated":true}]}}