{"id":49575,"date":"2020-04-08T13:52:13","date_gmt":"2020-04-08T11:52:13","guid":{"rendered":"https:\/\/www.sjonara.se\/sv\/objekt\/graso-hallgrund\/"},"modified":"2020-04-08T13:52:13","modified_gmt":"2020-04-08T11:52:13","slug":"graso-hallgrund","status":"publish","type":"fasad_object","link":"https:\/\/www.sjonara.se\/sv\/objekt\/graso-hallgrund\/","title":{"rendered":"Gr\u00e4s\u00f6 H\u00e4llgrund"},"content":{"rendered":"<p>Egen \u00f6 strax utanf\u00f6r Gr\u00e4s\u00f6. \u00d6n n\u00e5s efter mycket kort b\u00e5ttur. Sommarhus vid vacker \u00e4ng och stort b\u00e5thus vid stranden. Totalt ca 16 hektar.<\/p>\n","protected":false},"template":"","meta":{"_fasad_id":"1349783","sjonara_en_slug":"","sjonara_en_title":"","sjonara_en_textShort":"","sjonara_en_text":"","sjonara_en_translation_in_progress":false,"sjonara_en_last_translation":"","_fasad_salesTitle":"\nGr\u00e4s\u00f6 H\u00e4llgrund\n","_fasad_SalesTextShort":"Egen \u00f6 strax utanf\u00f6r Gr\u00e4s\u00f6. \u00d6n n\u00e5s efter mycket kort b\u00e5ttur. Sommarhus vid vacker \u00e4ng och stort b\u00e5thus vid stranden. Totalt ca 16 hektar.","_fasad_salesText":"\nEgen \u00f6 strax utanf\u00f6r Gr\u00e4s\u00f6. \u00d6n n\u00e5s efter mycket kort b\u00e5ttur. Sommarhus vid vacker \u00e4ng och stort b\u00e5thus vid stranden. Totalt ca 16 hektar.\n","_fasad_Building":"O:8:\"stdClass\":15:{s:12:\"buildingType\";s:21:\"1 1\/2 plans sommarhus\";s:11:\"heatingType\";s:21:\"Direkt el och vedspis\";s:17:\"energyVentilation\";s:10:\"Sj\u00e4lvdrag\";s:6:\"facade\";s:4:\"Tr\u00e4\";s:4:\"roof\";s:5:\"Tegel\";s:9:\"loftFloor\";s:4:\"Tr\u00e4\";s:9:\"framework\";s:4:\"Tr\u00e4\";s:7:\"chimney\";s:9:\"Natursten\";s:10:\"chimneypot\";s:5:\"Tegel\";s:14:\"municipalWater\";s:40:\"Enskilt vatten \u00e5ret om.. Avlopp saknas.\";s:9:\"metalwork\";s:14:\"Lackerad pl\u00e5t\";s:10:\"foundation\";s:11:\"Torpargrund\";s:5:\"Radon\";N;s:16:\"GeneralCondition\";N;s:16:\"CompassDirection\";N;}","_fasad_Descriptions":"O:8:\"stdClass\":1:{s:11:\"Description\";O:8:\"stdClass\":6:{s:10:\"categoryId\";s:0:\"\";s:8:\"category\";s:0:\"\";s:12:\"languageCode\";s:2:\"sv\";s:8:\"language\";s:7:\"Svenska\";s:5:\"Title\";N;s:7:\"Content\";s:2871:\"<p>Sk\u00e4rg\u00e5rds\u00f6n Gr\u00e4s\u00f6 n\u00e5r man via f\u00e4rja fr\u00e5n pittoreska \u00d6regrund, en av Sveriges b\u00e4st bevarade tr\u00e4st\u00e4der.\u00a0 \u00d6regrund \"staden vid havet\" var i b\u00f6rjan av 1900-talet en omtyckt kurort och idag finner man flera krogar, sm\u00e5 butiker, kaf\u00e9er och konstutst\u00e4llningar som ramar in den mysiga hamnen.<\/p>\n<p>Gr\u00e4s\u00f6 \u00e4r k\u00e4nd som en semester\u00f6 med m\u00e5nga smultronst\u00e4llen och ett kulturlandskap som sedan vikingatiden formats av sk\u00e4rg\u00e5rdsbefolkningen. Ett sm\u00e5brutet landskap med \u00e4ngar, betesmarker inspr\u00e4ngda mellan bergh\u00e4llar, h\u00f6lador och g\u00e4rdesg\u00e5rdar. Utanf\u00f6r Gr\u00e4s\u00f6 ligger den vidstr\u00e4ckta sk\u00e4rg\u00e5rden med hundratals \u00f6ar, kobbar och sk\u00e4r som en sista utpost mot \u00c5lands hav.<\/p>\n<p>V\u00e4gen ut till den egna \u00f6n g\u00e5r genom vackra landskap och n\u00e4r man anl\u00e4nder p\u00e5 s\u00f6dra delen av Gr\u00e4s\u00f6 n\u00e5r man H\u00e4llgrundet efter en kort b\u00e5ttur \u00f6ver H\u00e4llgrundsstr\u00f6mmen. Fr\u00e5n fastlandet \u00e4r det endast ett hundratal meter \u00f6ver och det r\u00e4cker med en liten b\u00e5t f\u00f6r att ta sig \u00f6ver. Man anl\u00f6per H\u00e4llgrundet vid det stora fina b\u00e5thuset med bryggor och fungerande b\u00e5thus med lyft. Ett utm\u00e4rkt s\u00e4tt att f\u00f6rvara b\u00e5ten under vintertid. Milj\u00f6n h\u00e4r vid b\u00e5thuset \u00e4r vackrast t\u00e4nkbara med bra badm\u00f6jligheter. B\u00e5thuset har vid sidan om en separat del f\u00f6r sk\u00f6nt h\u00e4ng vid stranden. H\u00e4rinne kan man ha trevlig samvaro p\u00e5 bryggan eller inne i det mysiga rummet i b\u00e5thuset med dubbeld\u00f6rr ut mot str\u00f6mmen.<\/p>\n<p>En kort promenad fr\u00e5n b\u00e5thuset tar oss upp mot \u00e4ngarna p\u00e5 \u00f6n d\u00e4r det fina sommarhuset \u00e4r placerat. Huset har k\u00f6k med matplats och utg\u00e5ng till terrassen utanf\u00f6r och det \u00e4r nog h\u00e4r man tillbringar den mesta tiden under sommaren. P\u00e5 terrassen finns ett spabad f\u00f6r den som \u00f6nskar mer tempererat bad. Sommartid flyttar man ut och anv\u00e4nder utek\u00f6k och grill f\u00f6r matlagning. P\u00e5 bottenv\u00e5ningen finns dessutom ett bra sovrum intill k\u00f6ket. En trappa upp finns gott om utrymme f\u00f6r extra sovplatser. P\u00e5 fastigheten finns dessutom ett mindre f\u00f6rr\u00e5d f\u00f6r f\u00f6rvaring av ved och tr\u00e4dg\u00e5rdsredskap.<\/p>\n<p>\u00d6n \u00e4r p\u00e5 sammanlagt ca 16 hektar och naturen \u00e4r vackrast t\u00e4nkbara. H\u00e4r blandas tallskog med kala klippor och det finns fina stigar f\u00f6r avkopplande promenader och sk\u00f6na bad. Till fastigheten h\u00f6r dessutom tv\u00e5 mindre \u00f6ar, Al\u00f6ren och Sik\u00f6ren.<\/p>\n<p>P\u00e5 Gr\u00e4s\u00f6 finns en ICA butik, en familjecamping med restaurang och minigolf. P\u00e5 \u00f6n finns ocks\u00e5 hantverksbodar, kuriosa och en handelstr\u00e4dg\u00e5rd. \u00d6vrig service hittar man i \u00d6regrund.<\/p>\n<p>P\u00e5 huvud\u00f6n bor det idag ca 800 personer permanent. N\u00e4r alla sommarg\u00e4ster kommer till \u00f6n under sommarhalv\u00e5ret m\u00e5ngdubblas dock befolkningen. P\u00e5 Gr\u00e4s\u00f6n finns det en aff\u00e4r som \u00e4r \u00f6ppen \u00e5ret runt, vandrarhem, camping, och ett stort antal sm\u00e5f\u00f6retagare inom jordbruks- och hantverksn\u00e4ringen.<\/p>\n<p>\u00a0<\/p>\n<p>V\u00e4lkommen till Gr\u00e4s\u00f6 och \u00f6n H\u00e4llgrund!<\/p>\";}}","_fasad_Economy":"O:8:\"stdClass\":42:{s:5:\"price\";s:7:\"4900000\";s:8:\"currency\";s:2:\"kr\";s:15:\"currencyIso4217\";s:3:\"SEK\";s:12:\"priceComment\";s:8:\"Pris\/bud\";s:14:\"secondaryPrice\";s:0:\"\";s:17:\"secondaryCurrency\";s:0:\"\";s:24:\"secondaryCurrencyIso4217\";s:3:\"SEK\";s:21:\"secondaryPriceComment\";s:0:\"\";s:8:\"taxHouse\";s:6:\"158000\";s:9:\"taxGround\";s:6:\"715000\";s:8:\"taxField\";s:5:\"17000\";s:10:\"taxPasture\";s:0:\"\";s:9:\"taxForest\";s:6:\"128000\";s:19:\"taxForestImpediment\";s:5:\"32000\";s:21:\"taxCommercialBuilding\";s:0:\"\";s:8:\"taxOther\";s:0:\"\";s:6:\"taxSum\";s:0:\"\";s:8:\"taxTotal\";s:6:\"873000\";s:10:\"groundRent\";s:0:\"\";s:16:\"groundRentExpiry\";s:0:\"\";s:5:\"lease\";s:0:\"\";s:7:\"taxYear\";s:4:\"2017\";s:9:\"valueYear\";s:4:\"1929\";s:3:\"fee\";s:0:\"\";s:10:\"repairFund\";s:0:\"\";s:13:\"includedInFee\";s:0:\"\";s:13:\"excludedInFee\";s:0:\"\";s:14:\"knownFeeChange\";s:0:\"\";s:7:\"taxRate\";s:4:\"33.4\";s:7:\"taxCode\";s:3:\"120\";s:10:\"taxComment\";s:0:\"\";s:18:\"insuranceFullValue\";s:1:\"1\";s:7:\"pledged\";s:1:\"0\";s:10:\"noOfPledge\";s:1:\"1\";s:11:\"propertyFee\";s:4:\"6548\";s:9:\"pledgefee\";s:0:\"\";s:11:\"transferfee\";s:0:\"\";s:17:\"transferfeepaidby\";s:0:\"\";s:9:\"taxPrelim\";s:1:\"0\";s:11:\"isMortgaged\";s:1:\"1\";s:14:\"totalMortgages\";s:6:\"450000\";s:14:\"OperatingCosts\";O:8:\"stdClass\":5:{s:7:\"comment\";s:0:\"\";s:15:\"numberOfPersons\";s:0:\"\";s:11:\"totalAmount\";s:3:\"477\";s:15:\"totalAmountYear\";s:4:\"5718\";s:13:\"OperatingCost\";a:2:{i:0;O:8:\"stdClass\":3:{s:5:\"alias\";s:6:\"V\u00e4rme\";s:6:\"amount\";s:3:\"167\";s:10:\"amountYear\";s:4:\"2000\";}i:1;O:8:\"stdClass\":3:{s:5:\"alias\";s:12:\"F\u00f6rs\u00e4kring\";s:6:\"amount\";s:3:\"310\";s:10:\"amountYear\";s:4:\"3718\";}}}}","_fasad_Energy":"O:8:\"stdClass\":6:{s:5:\"class\";s:0:\"\";s:11:\"performance\";s:0:\"\";s:15:\"certificateDate\";s:0:\"\";s:24:\"energyDeclarationAddress\";s:0:\"\";s:6:\"status\";s:0:\"\";s:19:\"electricitySupplier\";s:0:\"\";}","_fasad_Fireplace":"Vedspis","_fasad_ObjectDocuments":"","_fasad_Realtors":"a:1:{i:0;O:8:\"stdClass\":12:{s:2:\"id\";s:4:\"5189\";s:9:\"firstname\";s:4:\"Mats\";s:8:\"lastname\";s:6:\"\u00d6hlin\";s:4:\"type\";s:17:\"Ansvarig M\u00e4klare\";s:5:\"email\";s:15:\"mats@sjonara.se\";s:5:\"phone\";s:0:\"\";s:11:\"phoneString\";s:0:\"\";s:9:\"cellphone\";s:11:\"46708772700\";s:15:\"cellphoneString\";s:13:\"070-877 27 00\";s:5:\"image\";s:53:\"https:\/\/images03.fasad.eu\/617\/user\/16684229075189.jpg\";s:5:\"title\";s:18:\"Fastighetsm\u00e4klare\";s:10:\"titleExtra\";s:0:\"\";}}","_fasad_Showings":"","_fasad_Size":"O:8:\"stdClass\":13:{s:5:\"rooms\";s:1:\"3\";s:16:\"roomsInformation\";s:12:\"rum och k\u00f6k\";s:8:\"minRooms\";s:2:\"30\";s:8:\"maxRooms\";s:2:\"30\";s:11:\"minBedrooms\";s:1:\"2\";s:11:\"maxBedrooms\";s:0:\"\";s:7:\"minArea\";s:1:\"0\";s:7:\"maxArea\";s:3:\"999\";s:9:\"Bathrooms\";N;s:11:\"GuestToilet\";N;s:5:\"Areas\";O:8:\"stdClass\":2:{s:7:\"comment\";s:0:\"\";s:4:\"Area\";a:6:{i:0;O:8:\"stdClass\":5:{s:4:\"type\";s:9:\"\u00c5kermark\";s:6:\"prefix\";s:0:\"\";s:4:\"size\";s:1:\"1\";s:4:\"unit\";s:2:\"Ha\";s:7:\"basedOn\";s:19:\"Fastighetsregistret\";}i:1;O:8:\"stdClass\":5:{s:4:\"type\";s:15:\"Skogsimpediment\";s:6:\"prefix\";s:0:\"\";s:4:\"size\";s:1:\"9\";s:4:\"unit\";s:2:\"Ha\";s:7:\"basedOn\";s:19:\"Fastighetsregistret\";}i:2;O:8:\"stdClass\":5:{s:4:\"type\";s:9:\"Skogsmark\";s:6:\"prefix\";s:0:\"\";s:4:\"size\";s:1:\"6\";s:4:\"unit\";s:2:\"Ha\";s:7:\"basedOn\";s:19:\"Fastighetsregistret\";}i:3;O:8:\"stdClass\":5:{s:4:\"type\";s:8:\"Tomtarea\";s:6:\"prefix\";s:0:\"\";s:4:\"size\";s:4:\"1500\";s:4:\"unit\";s:3:\"Kvm\";s:7:\"basedOn\";s:19:\"Fastighetsregistret\";}i:4;O:8:\"stdClass\":5:{s:4:\"type\";s:6:\"Biarea\";s:6:\"prefix\";s:0:\"\";s:4:\"size\";s:1:\"6\";s:4:\"unit\";s:3:\"Kvm\";s:7:\"basedOn\";s:19:\"Fastighetsregistret\";}i:5;O:8:\"stdClass\":5:{s:4:\"type\";s:6:\"Boarea\";s:6:\"prefix\";s:0:\"\";s:4:\"size\";s:2:\"36\";s:4:\"unit\";s:3:\"Kvm\";s:7:\"basedOn\";s:19:\"Fastighetsregistret\";}}}s:9:\"TotalArea\";O:8:\"stdClass\":3:{s:4:\"size\";s:1:\"0\";s:4:\"unit\";s:0:\"\";s:7:\"basedOn\";s:0:\"\";}s:17:\"TotalBuildingArea\";O:8:\"stdClass\":3:{s:4:\"size\";s:1:\"0\";s:4:\"unit\";s:0:\"\";s:7:\"basedOn\";s:0:\"\";}}","_fasad_Floor":"","_fasad_TvInternet":"","_fasad_Window":"2-glas","_fasad_areas":"a:6:{i:0;O:8:\"stdClass\":6:{s:4:\"type\";s:8:\"Tomtarea\";s:6:\"prefix\";s:0:\"\";s:4:\"size\";s:4:\"1500\";s:4:\"unit\";s:3:\"Kvm\";s:7:\"basedOn\";s:19:\"Fastighetsregistret\";s:13:\"extraBuilding\";N;}i:1;O:8:\"stdClass\":6:{s:4:\"type\";s:6:\"Boarea\";s:6:\"prefix\";s:0:\"\";s:4:\"size\";s:2:\"36\";s:4:\"unit\";s:3:\"Kvm\";s:7:\"basedOn\";s:19:\"Fastighetsregistret\";s:13:\"extraBuilding\";N;}i:2;O:8:\"stdClass\":6:{s:4:\"type\";s:6:\"Biarea\";s:6:\"prefix\";s:0:\"\";s:4:\"size\";s:1:\"6\";s:4:\"unit\";s:3:\"Kvm\";s:7:\"basedOn\";s:19:\"Fastighetsregistret\";s:13:\"extraBuilding\";N;}i:3;O:8:\"stdClass\":6:{s:4:\"type\";s:9:\"Skogsmark\";s:6:\"prefix\";s:0:\"\";s:4:\"size\";s:1:\"6\";s:4:\"unit\";s:2:\"Ha\";s:7:\"basedOn\";s:19:\"Fastighetsregistret\";s:13:\"extraBuilding\";N;}i:4;O:8:\"stdClass\":6:{s:4:\"type\";s:15:\"Skogsimpediment\";s:6:\"prefix\";s:0:\"\";s:4:\"size\";s:1:\"9\";s:4:\"unit\";s:2:\"Ha\";s:7:\"basedOn\";s:19:\"Fastighetsregistret\";s:13:\"extraBuilding\";N;}i:5;O:8:\"stdClass\":6:{s:4:\"type\";s:9:\"\u00c5kermark\";s:6:\"prefix\";s:0:\"\";s:4:\"size\";s:1:\"1\";s:4:\"unit\";s:2:\"Ha\";s:7:\"basedOn\";s:19:\"Fastighetsregistret\";s:13:\"extraBuilding\";N;}}","_fasad_formOfOwnership":"Frik\u00f6pt - G\u00e5rd","_fasad_priceComment":"Pris\/bud","_fasad_roomsInformation":"rum och k\u00f6k","_fasad_Storageroom":"","_fasad_Parkings":"","sjonara_en_building":"","sjonara_en_descriptions":"","sjonara_en_economy":"","sjonara_en_energy":"","sjonara_en_fireplace":"","sjonara_en_objectDocuments":"","sjonara_en_realtors":"","sjonara_en_showings":"","sjonara_en_size":"","sjonara_en_floor":"","sjonara_en_tvInternet":"","sjonara_en_window":"","sjonara_en_areas":"","sjonara_en_formOfOwnership":"","sjonara_en_priceComment":"","sjonara_en_roomsInformation":"","sjonara_en_storageroom":"","sjonara_en_parkings":""},"class_list":["post-49575","fasad_object","type-fasad_object","status-publish","hentry","fasad_object_type-fritidshus","fasad_district-graso-hallgrund","fasad_city-graso","fasad_commune-osthammar"],"sv_descriptions_html":"<p>Sk\u00e4rg\u00e5rds\u00f6n Gr\u00e4s\u00f6 n\u00e5r man via f\u00e4rja fr\u00e5n pittoreska \u00d6regrund, en av Sveriges b\u00e4st bevarade tr\u00e4st\u00e4der.\u00a0 \u00d6regrund \"staden vid havet\" var i b\u00f6rjan av 1900-talet en omtyckt kurort och idag finner man flera krogar, sm\u00e5 butiker, kaf\u00e9er och konstutst\u00e4llningar som ramar in den mysiga hamnen.<\/p>\n<p>Gr\u00e4s\u00f6 \u00e4r k\u00e4nd som en semester\u00f6 med m\u00e5nga smultronst\u00e4llen och ett kulturlandskap som sedan vikingatiden formats av sk\u00e4rg\u00e5rdsbefolkningen. Ett sm\u00e5brutet landskap med \u00e4ngar, betesmarker inspr\u00e4ngda mellan bergh\u00e4llar, h\u00f6lador och g\u00e4rdesg\u00e5rdar. Utanf\u00f6r Gr\u00e4s\u00f6 ligger den vidstr\u00e4ckta sk\u00e4rg\u00e5rden med hundratals \u00f6ar, kobbar och sk\u00e4r som en sista utpost mot \u00c5lands hav.<\/p>\n<p>V\u00e4gen ut till den egna \u00f6n g\u00e5r genom vackra landskap och n\u00e4r man anl\u00e4nder p\u00e5 s\u00f6dra delen av Gr\u00e4s\u00f6 n\u00e5r man H\u00e4llgrundet efter en kort b\u00e5ttur \u00f6ver H\u00e4llgrundsstr\u00f6mmen. Fr\u00e5n fastlandet \u00e4r det endast ett hundratal meter \u00f6ver och det r\u00e4cker med en liten b\u00e5t f\u00f6r att ta sig \u00f6ver. Man anl\u00f6per H\u00e4llgrundet vid det stora fina b\u00e5thuset med bryggor och fungerande b\u00e5thus med lyft. Ett utm\u00e4rkt s\u00e4tt att f\u00f6rvara b\u00e5ten under vintertid. Milj\u00f6n h\u00e4r vid b\u00e5thuset \u00e4r vackrast t\u00e4nkbara med bra badm\u00f6jligheter. B\u00e5thuset har vid sidan om en separat del f\u00f6r sk\u00f6nt h\u00e4ng vid stranden. H\u00e4rinne kan man ha trevlig samvaro p\u00e5 bryggan eller inne i det mysiga rummet i b\u00e5thuset med dubbeld\u00f6rr ut mot str\u00f6mmen.<\/p>\n<p>En kort promenad fr\u00e5n b\u00e5thuset tar oss upp mot \u00e4ngarna p\u00e5 \u00f6n d\u00e4r det fina sommarhuset \u00e4r placerat. Huset har k\u00f6k med matplats och utg\u00e5ng till terrassen utanf\u00f6r och det \u00e4r nog h\u00e4r man tillbringar den mesta tiden under sommaren. P\u00e5 terrassen finns ett spabad f\u00f6r den som \u00f6nskar mer tempererat bad. Sommartid flyttar man ut och anv\u00e4nder utek\u00f6k och grill f\u00f6r matlagning. P\u00e5 bottenv\u00e5ningen finns dessutom ett bra sovrum intill k\u00f6ket. En trappa upp finns gott om utrymme f\u00f6r extra sovplatser. P\u00e5 fastigheten finns dessutom ett mindre f\u00f6rr\u00e5d f\u00f6r f\u00f6rvaring av ved och tr\u00e4dg\u00e5rdsredskap.<\/p>\n<p>\u00d6n \u00e4r p\u00e5 sammanlagt ca 16 hektar och naturen \u00e4r vackrast t\u00e4nkbara. H\u00e4r blandas tallskog med kala klippor och det finns fina stigar f\u00f6r avkopplande promenader och sk\u00f6na bad. Till fastigheten h\u00f6r dessutom tv\u00e5 mindre \u00f6ar, Al\u00f6ren och Sik\u00f6ren.<\/p>\n<p>P\u00e5 Gr\u00e4s\u00f6 finns en ICA butik, en familjecamping med restaurang och minigolf. P\u00e5 \u00f6n finns ocks\u00e5 hantverksbodar, kuriosa och en handelstr\u00e4dg\u00e5rd. \u00d6vrig service hittar man i \u00d6regrund.<\/p>\n<p>P\u00e5 huvud\u00f6n bor det idag ca 800 personer permanent. N\u00e4r alla sommarg\u00e4ster kommer till \u00f6n under sommarhalv\u00e5ret m\u00e5ngdubblas dock befolkningen. P\u00e5 Gr\u00e4s\u00f6n finns det en aff\u00e4r som \u00e4r \u00f6ppen \u00e5ret runt, vandrarhem, camping, och ett stort antal sm\u00e5f\u00f6retagare inom jordbruks- och hantverksn\u00e4ringen.<\/p>\n<p>\u00a0<\/p>\n<p>V\u00e4lkommen till Gr\u00e4s\u00f6 och \u00f6n H\u00e4llgrund!<\/p>","meta_box":[],"_links":{"self":[{"href":"https:\/\/www.sjonara.se\/sv\/wp-json\/wp\/v2\/fasad_object\/49575","targetHints":{"allow":["GET"]}}],"collection":[{"href":"https:\/\/www.sjonara.se\/sv\/wp-json\/wp\/v2\/fasad_object"}],"about":[{"href":"https:\/\/www.sjonara.se\/sv\/wp-json\/wp\/v2\/types\/fasad_object"}],"wp:attachment":[{"href":"https:\/\/www.sjonara.se\/sv\/wp-json\/wp\/v2\/media?parent=49575"}],"curies":[{"name":"wp","href":"https:\/\/api.w.org\/{rel}","templated":true}]}}