{"id":49504,"date":"2019-06-08T18:04:44","date_gmt":"2019-06-08T16:04:44","guid":{"rendered":"https:\/\/www.sjonara.se\/sv\/objekt\/egen-ogenerad-udde-med-genuin-skargardskaratar\/"},"modified":"2019-06-08T18:04:44","modified_gmt":"2019-06-08T16:04:44","slug":"egen-ogenerad-udde-med-genuin-skargardskaratar","status":"publish","type":"fasad_object","link":"https:\/\/www.sjonara.se\/sv\/objekt\/egen-ogenerad-udde-med-genuin-skargardskaratar\/","title":{"rendered":"Egen ogenerad udde med genuin sk\u00e4rg\u00e5rdskarat\u00e4r"},"content":{"rendered":"<p>I rogivande och genuin sk\u00e4rg\u00e5rdsmilj\u00f6 p\u00e5 \u00f6n Mars\u00f6 hittar vi Linneas-udde som ligger vackert och ogenerat bel\u00e4get, skyddat innanf\u00f6r holmar och sk\u00e4r med \u00f6ppet hav utanf\u00f6r. Ett ljuvligt sj\u00f6l\u00e4ge med h\u00e4rlig sk\u00e4rg\u00e5rdsk\u00e4nsla endast ca 7 minuters b\u00e5tf\u00e4rd fr\u00e5n samf\u00e4llighetsbrygga p\u00e5 fastlandet vid Brannebol. Bilf\u00e4rden fr\u00e5n Stockholm s\u00f6dra till bryggan tar ca 1 timme och 20 minuter.<\/p>\n","protected":false},"template":"","meta":{"_fasad_id":"1296131","sjonara_en_slug":"","sjonara_en_title":"","sjonara_en_textShort":"","sjonara_en_text":"","sjonara_en_translation_in_progress":false,"sjonara_en_last_translation":"","_fasad_salesTitle":"\nEgen ogenerad udde med genuin sk\u00e4rg\u00e5rdskarat\u00e4r\n","_fasad_SalesTextShort":"I rogivande och genuin sk\u00e4rg\u00e5rdsmilj\u00f6 p\u00e5 \u00f6n Mars\u00f6 hittar vi denna fina udde med eget vattenomr\u00e5de ogenerat bel\u00e4get och skyddat innanf\u00f6r holmar och sk\u00e4r med \u00f6ppet hav utanf\u00f6r.","_fasad_salesText":"\nI rogivande och genuin sk\u00e4rg\u00e5rdsmilj\u00f6 p\u00e5 \u00f6n Mars\u00f6 hittar vi Linneas-udde som ligger vackert och ogenerat bel\u00e4get, skyddat innanf\u00f6r holmar och sk\u00e4r med \u00f6ppet hav utanf\u00f6r. Ett ljuvligt sj\u00f6l\u00e4ge med h\u00e4rlig sk\u00e4rg\u00e5rdsk\u00e4nsla endast ca 7 minuters b\u00e5tf\u00e4rd fr\u00e5n samf\u00e4llighetsbrygga p\u00e5 fastlandet vid Brannebol. Bilf\u00e4rden fr\u00e5n Stockholm s\u00f6dra till bryggan tar ca 1 timme och 20 minuter.\n","_fasad_Building":"O:8:\"stdClass\":15:{s:12:\"buildingType\";s:38:\"1 plans fritidshus med delvis k\u00e4llare\";s:11:\"heatingType\";s:21:\"Direkt el och eldstad\";s:17:\"energyVentilation\";s:10:\"Sj\u00e4lvdrag\";s:6:\"facade\";s:4:\"Tr\u00e4\";s:4:\"roof\";s:16:\"Korrugerad pl\u00e5t\";s:9:\"loftFloor\";s:4:\"Tr\u00e4\";s:9:\"framework\";s:4:\"Tr\u00e4\";s:7:\"chimney\";s:0:\"\";s:10:\"chimneypot\";s:0:\"\";s:14:\"municipalWater\";s:42:\"Vatten fr\u00e5n egen borrad brunn. BDT-avlopp\";s:9:\"metalwork\";s:0:\"\";s:10:\"foundation\";s:11:\"Torpargrund\";s:5:\"Radon\";N;s:16:\"GeneralCondition\";N;s:16:\"CompassDirection\";N;}","_fasad_Descriptions":"O:8:\"stdClass\":1:{s:11:\"Description\";O:8:\"stdClass\":6:{s:10:\"categoryId\";s:0:\"\";s:8:\"category\";s:0:\"\";s:12:\"languageCode\";s:2:\"sv\";s:8:\"language\";s:7:\"Svenska\";s:5:\"Title\";s:12:\"LINNEAS-UDDE\";s:7:\"Content\";s:2154:\"<p>Fastigheten om 11 690 m\u00b2 varav 8 580 m\u00b2 eget vattenomr\u00e5de har ett mycket trevligt l\u00e4ge p\u00e5 en egen udde med vackra klippor och sk\u00e4rg\u00e5rdstallar i h\u00e4rlig kombination med tr\u00e4dg\u00e5rdstomt med gr\u00e4sytor, frukttr\u00e4d och planteringar. H\u00e4r finns verkligen lugnet och natursk\u00f6n milj\u00f6 med fiskande t\u00e4rnor, sv\u00e4vande havs\u00f6rn och s\u00e4l som s\u00e4tter sin pr\u00e4gel p\u00e5 omr\u00e5det.<\/p>\n<p>Framme vid \u00f6n f\u00f6rt\u00f6jer man vid bryggan som flyter ihop med sj\u00f6stugans bryggd\u00e4ck, h\u00e4r har man en riktigt trevlig uteplats direkt p\u00e5 vattnet och \u00f6vernattande g\u00e4ster i sj\u00f6stugan f\u00e5r en underbar plats f\u00f6r morgonkaffet och frukost. Byggnaden \u00e4r idag inredd med tv\u00e5 v\u00e5ningss\u00e4ngar som ger 4 sovplatser.<\/p>\n<p>Huvudbyggnaden uppf\u00f6rdes \u00e5r 1926, renoverades och byggdes till 1967 och k\u00f6ket renoverades \u00e5r 2002. Nuvarande \u00e4gare \u00e4r den 3:e \u00e4garen av fastigheten. Husets entr\u00e9plan om ca 40 smart planerad kvm inrymmer k\u00f6k och allrum med matplats, hall, duschrum med separett, och sovrum med d\u00f6rr ut till altanen d\u00e4r man har kv\u00e4llssol fram till ca 19.00 - 20.00 p\u00e5 sommaren. En k\u00e4llardel med tv\u00e5 separata utrymmen som n\u00e5s utifr\u00e5n h\u00e5ller teknikrum med tv\u00e4ttmaskin och matk\u00e4llare. Detaljplanen medger huvudbyggnad p\u00e5 110 kvm och anslutning till kommunalt vatten och avlopp \u00e4r planerat att p\u00e5b\u00f6rjas i h\u00f6st. Kostnad f\u00f6r p\u00e5koppling av kommunalt-VA ber\u00e4knas till ca 250 000 kr.<\/p>\n<p>Komplementbyggnaden \"L\u00e5nga raden\" bjuder p\u00e5 utrymmen f\u00f6r allt man beh\u00f6ver p\u00e5 en sk\u00e4rg\u00e5rds\u00f6. Fr\u00e5n v\u00e4nster till h\u00f6ger: snickarverkstad - sovdel med ytterligare 4 sovplatser - toalett - f\u00f6rvaringsbod\/vedf\u00f6rr\u00e5d.<\/p>\n<p>\u00d6ver \u00e5ren har fastigheten nyttjats n\u00e4stan \u00e5ret om f\u00f6rutom tiden mellan n\u00e4r isl\u00e4ggning inte g\u00f6r det m\u00f6jjligt att \u00e5ka b\u00e5t och n\u00e4r isen \u00e4nnu inte b\u00e4r att g\u00e5 p\u00e5. S\u00e4ljarens \u00f6nskem\u00e5l \u00e4r att l\u00e4mna mycket av l\u00f6s\u00f6ret p\u00e5 fastigheten.<\/p>\n<p>Fr\u00e5n Stockholm s\u00f6dra, k\u00f6r E4 s\u00f6derut och ta av h\u00f6ger mot Vagnh\u00e4rad efter ca 50 km. F\u00f6lj sedan v\u00e4g 219 mot Studsvik och efter ca 90 km ta av v\u00e4nster mot Brannebol. F\u00f6lj Sj\u00f6n\u00e4ra skyltar via Brannenol ner till parkeringen vid samf\u00e4llighetsbryggan - Mars\u00f6bryggan.<\/p>\";}}","_fasad_Economy":"O:8:\"stdClass\":42:{s:5:\"price\";s:7:\"4250000\";s:8:\"currency\";s:2:\"kr\";s:15:\"currencyIso4217\";s:3:\"SEK\";s:12:\"priceComment\";s:0:\"\";s:14:\"secondaryPrice\";s:0:\"\";s:17:\"secondaryCurrency\";s:0:\"\";s:24:\"secondaryCurrencyIso4217\";s:3:\"SEK\";s:21:\"secondaryPriceComment\";s:0:\"\";s:8:\"taxHouse\";s:6:\"204000\";s:9:\"taxGround\";s:7:\"1902000\";s:8:\"taxField\";s:0:\"\";s:10:\"taxPasture\";s:0:\"\";s:9:\"taxForest\";s:0:\"\";s:19:\"taxForestImpediment\";s:0:\"\";s:21:\"taxCommercialBuilding\";s:0:\"\";s:8:\"taxOther\";s:0:\"\";s:6:\"taxSum\";s:0:\"\";s:8:\"taxTotal\";s:7:\"2106000\";s:10:\"groundRent\";s:0:\"\";s:16:\"groundRentExpiry\";s:0:\"\";s:5:\"lease\";s:0:\"\";s:7:\"taxYear\";s:4:\"2018\";s:9:\"valueYear\";s:4:\"1946\";s:3:\"fee\";s:0:\"\";s:10:\"repairFund\";s:0:\"\";s:13:\"includedInFee\";s:0:\"\";s:13:\"excludedInFee\";s:0:\"\";s:14:\"knownFeeChange\";s:0:\"\";s:7:\"taxRate\";s:5:\"32.25\";s:7:\"taxCode\";s:3:\"220\";s:10:\"taxComment\";s:0:\"\";s:18:\"insuranceFullValue\";s:0:\"\";s:7:\"pledged\";s:1:\"0\";s:10:\"noOfPledge\";s:1:\"0\";s:11:\"propertyFee\";s:4:\"8049\";s:9:\"pledgefee\";s:0:\"\";s:11:\"transferfee\";s:0:\"\";s:17:\"transferfeepaidby\";s:0:\"\";s:9:\"taxPrelim\";s:1:\"0\";s:11:\"isMortgaged\";s:1:\"1\";s:14:\"totalMortgages\";s:0:\"\";s:14:\"OperatingCosts\";O:8:\"stdClass\":5:{s:7:\"comment\";s:55:\"Uppv\u00e4rmningskostnad ing\u00e5r i kostnad f\u00f6r hush\u00e5llsel.\";s:15:\"numberOfPersons\";s:0:\"\";s:11:\"totalAmount\";s:4:\"1123\";s:15:\"totalAmountYear\";s:5:\"13481\";s:13:\"OperatingCost\";a:5:{i:0;O:8:\"stdClass\":3:{s:5:\"alias\";s:2:\"El\";s:6:\"amount\";s:3:\"625\";s:10:\"amountYear\";s:4:\"7500\";}i:1;O:8:\"stdClass\":3:{s:5:\"alias\";s:7:\"Sotning\";s:6:\"amount\";s:2:\"13\";s:10:\"amountYear\";s:3:\"150\";}i:2;O:8:\"stdClass\":3:{s:5:\"alias\";s:13:\"Samf\u00e4llighet\";s:6:\"amount\";s:3:\"208\";s:10:\"amountYear\";s:4:\"2500\";}i:3;O:8:\"stdClass\":3:{s:5:\"alias\";s:12:\"Renh\u00e5llning\";s:6:\"amount\";s:2:\"64\";s:10:\"amountYear\";s:3:\"764\";}i:4;O:8:\"stdClass\":3:{s:5:\"alias\";s:12:\"F\u00f6rs\u00e4kring\";s:6:\"amount\";s:3:\"214\";s:10:\"amountYear\";s:4:\"2567\";}}}}","_fasad_Energy":"O:8:\"stdClass\":6:{s:5:\"class\";s:0:\"\";s:11:\"performance\";s:0:\"\";s:15:\"certificateDate\";s:0:\"\";s:24:\"energyDeclarationAddress\";s:0:\"\";s:6:\"status\";s:0:\"\";s:19:\"electricitySupplier\";s:0:\"\";}","_fasad_Fireplace":"Braskamin","_fasad_ObjectDocuments":"","_fasad_Realtors":"a:1:{i:0;O:8:\"stdClass\":12:{s:2:\"id\";s:4:\"5197\";s:9:\"firstname\";s:4:\"Timo\";s:8:\"lastname\";s:10:\"L\u00f6nnqvist\";s:4:\"type\";s:17:\"Ansvarig M\u00e4klare\";s:5:\"email\";s:15:\"timo@sjonara.se\";s:5:\"phone\";s:0:\"\";s:11:\"phoneString\";s:0:\"\";s:9:\"cellphone\";s:11:\"46707551408\";s:15:\"cellphoneString\";s:13:\"070-755 14 08\";s:5:\"image\";s:43:\"https:\/\/images03.fasad.eu\/617\/user\/5197.jpg\";s:5:\"title\";s:18:\"Fastighetsm\u00e4klare\";s:10:\"titleExtra\";s:0:\"\";}}","_fasad_Showings":"","_fasad_Size":"O:8:\"stdClass\":11:{s:5:\"rooms\";s:1:\"2\";s:16:\"roomsInformation\";s:0:\"\";s:8:\"minRooms\";s:1:\"2\";s:8:\"maxRooms\";s:1:\"2\";s:11:\"minBedrooms\";s:1:\"1\";s:11:\"maxBedrooms\";s:0:\"\";s:7:\"minArea\";s:1:\"0\";s:7:\"maxArea\";s:3:\"999\";s:9:\"Bathrooms\";N;s:11:\"GuestToilet\";N;s:5:\"Areas\";O:8:\"stdClass\":2:{s:7:\"comment\";s:0:\"\";s:4:\"Area\";a:3:{i:0;O:8:\"stdClass\":5:{s:4:\"type\";s:6:\"Vatten\";s:6:\"prefix\";s:0:\"\";s:4:\"size\";s:4:\"8580\";s:4:\"unit\";s:3:\"Kvm\";s:7:\"basedOn\";s:19:\"Fastighetsregistret\";}i:1;O:8:\"stdClass\":5:{s:4:\"type\";s:8:\"Tomtarea\";s:6:\"prefix\";s:0:\"\";s:4:\"size\";s:4:\"3110\";s:4:\"unit\";s:3:\"Kvm\";s:7:\"basedOn\";s:19:\"Fastighetsregistret\";}i:2;O:8:\"stdClass\":5:{s:4:\"type\";s:6:\"Boarea\";s:6:\"prefix\";s:0:\"\";s:4:\"size\";s:2:\"40\";s:4:\"unit\";s:3:\"Kvm\";s:7:\"basedOn\";s:19:\"Fastighetsregistret\";}}}}","_fasad_Floor":"","_fasad_TvInternet":"","_fasad_Window":"2-glas","_fasad_areas":"a:3:{i:0;O:8:\"stdClass\":6:{s:4:\"type\";s:8:\"Tomtarea\";s:6:\"prefix\";s:0:\"\";s:4:\"size\";s:4:\"3110\";s:4:\"unit\";s:3:\"Kvm\";s:7:\"basedOn\";s:19:\"Fastighetsregistret\";s:13:\"extraBuilding\";N;}i:1;O:8:\"stdClass\":6:{s:4:\"type\";s:6:\"Boarea\";s:6:\"prefix\";s:0:\"\";s:4:\"size\";s:2:\"40\";s:4:\"unit\";s:3:\"Kvm\";s:7:\"basedOn\";s:19:\"Fastighetsregistret\";s:13:\"extraBuilding\";N;}i:2;O:8:\"stdClass\":6:{s:4:\"type\";s:6:\"Vatten\";s:6:\"prefix\";s:0:\"\";s:4:\"size\";s:4:\"8580\";s:4:\"unit\";s:3:\"Kvm\";s:7:\"basedOn\";s:19:\"Fastighetsregistret\";s:13:\"extraBuilding\";N;}}","_fasad_formOfOwnership":"Frik\u00f6pt - Sm\u00e5hus","_fasad_priceComment":"","_fasad_roomsInformation":"","_fasad_Storageroom":"","_fasad_Parkings":"","sjonara_en_building":"","sjonara_en_descriptions":"","sjonara_en_economy":"","sjonara_en_energy":"","sjonara_en_fireplace":"","sjonara_en_objectDocuments":"","sjonara_en_realtors":"","sjonara_en_showings":"","sjonara_en_size":"","sjonara_en_floor":"","sjonara_en_tvInternet":"","sjonara_en_window":"","sjonara_en_areas":"","sjonara_en_formOfOwnership":"","sjonara_en_priceComment":"","sjonara_en_roomsInformation":"","sjonara_en_storageroom":"","sjonara_en_parkings":""},"class_list":["post-49504","fasad_object","type-fasad_object","status-publish","hentry","fasad_object_type-fritidshus","fasad_district-egen-udde-marso","fasad_city-nykoping","fasad_commune-nykoping"],"sv_descriptions_html":"<strong>LINNEAS-UDDE<\/strong><br\/><p>Fastigheten om 11 690 m\u00b2 varav 8 580 m\u00b2 eget vattenomr\u00e5de har ett mycket trevligt l\u00e4ge p\u00e5 en egen udde med vackra klippor och sk\u00e4rg\u00e5rdstallar i h\u00e4rlig kombination med tr\u00e4dg\u00e5rdstomt med gr\u00e4sytor, frukttr\u00e4d och planteringar. H\u00e4r finns verkligen lugnet och natursk\u00f6n milj\u00f6 med fiskande t\u00e4rnor, sv\u00e4vande havs\u00f6rn och s\u00e4l som s\u00e4tter sin pr\u00e4gel p\u00e5 omr\u00e5det.<\/p>\n<p>Framme vid \u00f6n f\u00f6rt\u00f6jer man vid bryggan som flyter ihop med sj\u00f6stugans bryggd\u00e4ck, h\u00e4r har man en riktigt trevlig uteplats direkt p\u00e5 vattnet och \u00f6vernattande g\u00e4ster i sj\u00f6stugan f\u00e5r en underbar plats f\u00f6r morgonkaffet och frukost. Byggnaden \u00e4r idag inredd med tv\u00e5 v\u00e5ningss\u00e4ngar som ger 4 sovplatser.<\/p>\n<p>Huvudbyggnaden uppf\u00f6rdes \u00e5r 1926, renoverades och byggdes till 1967 och k\u00f6ket renoverades \u00e5r 2002. Nuvarande \u00e4gare \u00e4r den 3:e \u00e4garen av fastigheten. Husets entr\u00e9plan om ca 40 smart planerad kvm inrymmer k\u00f6k och allrum med matplats, hall, duschrum med separett, och sovrum med d\u00f6rr ut till altanen d\u00e4r man har kv\u00e4llssol fram till ca 19.00 - 20.00 p\u00e5 sommaren. En k\u00e4llardel med tv\u00e5 separata utrymmen som n\u00e5s utifr\u00e5n h\u00e5ller teknikrum med tv\u00e4ttmaskin och matk\u00e4llare. Detaljplanen medger huvudbyggnad p\u00e5 110 kvm och anslutning till kommunalt vatten och avlopp \u00e4r planerat att p\u00e5b\u00f6rjas i h\u00f6st. Kostnad f\u00f6r p\u00e5koppling av kommunalt-VA ber\u00e4knas till ca 250 000 kr.<\/p>\n<p>Komplementbyggnaden \"L\u00e5nga raden\" bjuder p\u00e5 utrymmen f\u00f6r allt man beh\u00f6ver p\u00e5 en sk\u00e4rg\u00e5rds\u00f6. Fr\u00e5n v\u00e4nster till h\u00f6ger: snickarverkstad - sovdel med ytterligare 4 sovplatser - toalett - f\u00f6rvaringsbod\/vedf\u00f6rr\u00e5d.<\/p>\n<p>\u00d6ver \u00e5ren har fastigheten nyttjats n\u00e4stan \u00e5ret om f\u00f6rutom tiden mellan n\u00e4r isl\u00e4ggning inte g\u00f6r det m\u00f6jjligt att \u00e5ka b\u00e5t och n\u00e4r isen \u00e4nnu inte b\u00e4r att g\u00e5 p\u00e5. S\u00e4ljarens \u00f6nskem\u00e5l \u00e4r att l\u00e4mna mycket av l\u00f6s\u00f6ret p\u00e5 fastigheten.<\/p>\n<p>Fr\u00e5n Stockholm s\u00f6dra, k\u00f6r E4 s\u00f6derut och ta av h\u00f6ger mot Vagnh\u00e4rad efter ca 50 km. F\u00f6lj sedan v\u00e4g 219 mot Studsvik och efter ca 90 km ta av v\u00e4nster mot Brannebol. F\u00f6lj Sj\u00f6n\u00e4ra skyltar via Brannenol ner till parkeringen vid samf\u00e4llighetsbryggan - Mars\u00f6bryggan.<\/p>","meta_box":[],"_links":{"self":[{"href":"https:\/\/www.sjonara.se\/sv\/wp-json\/wp\/v2\/fasad_object\/49504","targetHints":{"allow":["GET"]}}],"collection":[{"href":"https:\/\/www.sjonara.se\/sv\/wp-json\/wp\/v2\/fasad_object"}],"about":[{"href":"https:\/\/www.sjonara.se\/sv\/wp-json\/wp\/v2\/types\/fasad_object"}],"wp:attachment":[{"href":"https:\/\/www.sjonara.se\/sv\/wp-json\/wp\/v2\/media?parent=49504"}],"curies":[{"name":"wp","href":"https:\/\/api.w.org\/{rel}","templated":true}]}}